{"id":17171,"date":"2024-01-31T14:41:29","date_gmt":"2024-01-31T13:41:29","guid":{"rendered":"https:\/\/www.alliancerotterdam.nl\/?post_type=tribe_events&amp;p=17171"},"modified":"2024-01-31T14:41:29","modified_gmt":"2024-01-31T13:41:29","slug":"soire-vin-et-litterature-speciale-saint-exupery","status":"publish","type":"tribe_events","link":"https:\/\/www.alliancerotterdam.nl\/nl\/evennement\/soire-vin-et-litterature-speciale-saint-exupery\/","title":{"rendered":"Soir\u00e9e Vin et Litt\u00e9rature &#8211; Sp\u00e9ciale Saint-Exup\u00e9ry &#8211; COMPLET"},"content":{"rendered":"<p>Venez plonger dans l&#8217;univers des textes de St Exup\u00e9ry, dans la po\u00e9sie du Petit Prince et de ses r\u00e9cits d&#8217;aviation gr\u00e2ce \u00e0 la magie du com\u00e9dien Thierry Louyat. Cette soir\u00e9e exceptionnelle vous fera d\u00e9couvrir 4 textes accompagn\u00e9s de 4 vins et de grignoteries.<\/p>\n<p>Le concept de ce rendez-vous ? Les spectateurs sont invit\u00e9s \u00e0 \u00e9couter des textes tout en d\u00e9gustant des vins qui leur sont associ\u00e9s. Chaque assemblage r\u00e9sulte d\u2019un dialogue entre vin et litt\u00e9rature. Samedi 10 F\u00e9vrier, le com\u00e9dien Thierry Louyat vous fera d\u00e9couvrir des assemblages r\u00e9alis\u00e9s \u00e0 partir des \u0153uvres d&#8217;Antoine de Saint-Exup\u00e9ry.<\/p>\n<p>A travers la lecture de textes choisis, les vins propos\u00e9s se subliment\u2026 et inversement, donnant ainsi naissance \u00e0 de nouvelles saveurs. Le concept imagin\u00e9 par Barbara Ferrari est n\u00e9 en Suisse sous le nom <a href=\"http:\/\/www.legoutdesmots.ch\/\" data-cke-saved-href=\"http:\/\/www.legoutdesmots.ch\/\">Le go\u00fbt des mots.\u00a0<\/a>Export\u00e9 aux Pays-Bas, c\u2019est une occasion unique de go\u00fbter aux textes et aux vins !<\/p>\n<p><strong>Samedi 10 F\u00e9vrier \u00e0 19h30 dans notre galerie. COMPLET.\u00a0Entr\u00e9e : 27 \u20ac (avec les vins et les amuse-bouches)<\/strong><\/p>\n","protected":false},"excerpt":{"rendered":"<p>Venez plonger dans l&#8217;univers des textes de St Exup\u00e9ry, dans la po\u00e9sie du Petit Prince et de ses r\u00e9cits d&#8217;aviation gr\u00e2ce \u00e0 la magie du com\u00e9dien Thierry Louyat. Cette soir\u00e9e [&hellip;]<\/p>\n","protected":false},"author":1,"featured_media":17173,"template":"","meta":{"_et_pb_use_builder":"","_et_pb_old_content":"","_et_gb_content_width":"","_tribe_events_status":"","_tribe_events_status_reason":"","footnotes":""},"tags":[],"tribe_events_cat":[],"class_list":["post-17171","tribe_events","type-tribe_events","status-publish","has-post-thumbnail","hentry"],"_links":{"self":[{"href":"https:\/\/www.alliancerotterdam.nl\/nl\/wp-json\/wp\/v2\/tribe_events\/17171","targetHints":{"allow":["GET"]}}],"collection":[{"href":"https:\/\/www.alliancerotterdam.nl\/nl\/wp-json\/wp\/v2\/tribe_events"}],"about":[{"href":"https:\/\/www.alliancerotterdam.nl\/nl\/wp-json\/wp\/v2\/types\/tribe_events"}],"author":[{"embeddable":true,"href":"https:\/\/www.alliancerotterdam.nl\/nl\/wp-json\/wp\/v2\/users\/1"}],"version-history":[{"count":0,"href":"https:\/\/www.alliancerotterdam.nl\/nl\/wp-json\/wp\/v2\/tribe_events\/17171\/revisions"}],"wp:featuredmedia":[{"embeddable":true,"href":"https:\/\/www.alliancerotterdam.nl\/nl\/wp-json\/wp\/v2\/media\/17173"}],"wp:attachment":[{"href":"https:\/\/www.alliancerotterdam.nl\/nl\/wp-json\/wp\/v2\/media?parent=17171"}],"wp:term":[{"taxonomy":"post_tag","embeddable":true,"href":"https:\/\/www.alliancerotterdam.nl\/nl\/wp-json\/wp\/v2\/tags?post=17171"},{"taxonomy":"tribe_events_cat","embeddable":true,"href":"https:\/\/www.alliancerotterdam.nl\/nl\/wp-json\/wp\/v2\/tribe_events_cat?post=17171"}],"curies":[{"name":"wp","href":"https:\/\/api.w.org\/{rel}","templated":true}]}}