{"id":33759,"date":"2025-09-29T16:21:41","date_gmt":"2025-09-29T14:21:41","guid":{"rendered":"https:\/\/www.alliancerotterdam.nl\/?post_type=tribe_events&#038;p=33759"},"modified":"2025-09-29T16:21:41","modified_gmt":"2025-09-29T14:21:41","slug":"conference-oh-louise-moillon-1609-10-1696","status":"publish","type":"tribe_events","link":"https:\/\/www.alliancerotterdam.nl\/en\/event\/conference-oh-louise-moillon-1609-10-1696\/","title":{"rendered":"Conf\u00e9rence Oh ! : Louise Moillon (1609\/10-1696)"},"content":{"rendered":"<div data-olk-copy-source=\"MailCompose\">Les Alliances Fran\u00e7aises du Portugal, d\u2019Espagne, de Pologne, de Belgique, des Pays-Bas ainsi que l\u2019Accueil de la Haye sont heureuses de s\u2019unir de nouveau afin de vous pr\u00e9senter une nouvelle rencontre d\u2019un cycle de conf\u00e9rences sur les incontournables de la culture fran\u00e7aise. Laissez-vous guider par Giulia FRANCESCHINI lors d\u2019une conf\u00e9rence en ligne sur l&#8217;artiste peintre Louise Moillon (1609\/10-1696).<\/div>\n<div data-olk-copy-source=\"MailCompose\"><\/div>\n<div>Qui de nos jours conna\u00eet encore Louise Moillon\u00a0? Au 17e\u00a0si\u00e8cle, elle fut une peintre de renom, sp\u00e9cialis\u00e9e dans les natures mortes. N\u00e9e dans un milieu protestant, sa vie est ponctu\u00e9e par les troubles religieux de la France de Louis XIV. Une quarantaine d\u2019\u0153uvres lui sont aujourd\u2019hui attribu\u00e9es\u00a0qui d\u00e9montrent son talent dans le rendu des diff\u00e9rents \u00e9l\u00e9ments (notamment de fruits), de la mise en sc\u00e8ne. De son vivant, ses toiles sont tr\u00e8s appr\u00e9ci\u00e9es, elle compte m\u00eame le roi d\u2019Angleterre parmi ses admirateurs\u00a0! Une soir\u00e9e \u00e0 la (re)d\u00e9couverte de cette artiste fascinante.<\/div>\n<div><\/div>\n<div><a href=\"https:\/\/events.teams.microsoft.com\/event\/95b3a1bd-2b12-4b28-af3d-cc27c7e98bbf@754c560a-81c5-43c4-892c-26f1fdc269ab\">Conf\u00e9rence en ligne, inscription ICI !<\/a><\/div>\n","protected":false},"excerpt":{"rendered":"<p>Les Alliances Fran\u00e7aises du Portugal, d\u2019Espagne, de Pologne, de Belgique, des Pays-Bas ainsi que l\u2019Accueil de la Haye sont heureuses de s\u2019unir de nouveau afin de vous pr\u00e9senter une nouvelle [&hellip;]<\/p>\n","protected":false},"author":2,"featured_media":33760,"template":"","meta":{"_et_pb_use_builder":"","_et_pb_old_content":"","_et_gb_content_width":"","_tribe_events_status":"","_tribe_events_status_reason":"","footnotes":""},"tags":[],"tribe_events_cat":[],"class_list":["post-33759","tribe_events","type-tribe_events","status-publish","has-post-thumbnail","hentry"],"_links":{"self":[{"href":"https:\/\/www.alliancerotterdam.nl\/en\/wp-json\/wp\/v2\/tribe_events\/33759","targetHints":{"allow":["GET"]}}],"collection":[{"href":"https:\/\/www.alliancerotterdam.nl\/en\/wp-json\/wp\/v2\/tribe_events"}],"about":[{"href":"https:\/\/www.alliancerotterdam.nl\/en\/wp-json\/wp\/v2\/types\/tribe_events"}],"author":[{"embeddable":true,"href":"https:\/\/www.alliancerotterdam.nl\/en\/wp-json\/wp\/v2\/users\/2"}],"version-history":[{"count":1,"href":"https:\/\/www.alliancerotterdam.nl\/en\/wp-json\/wp\/v2\/tribe_events\/33759\/revisions"}],"predecessor-version":[{"id":33761,"href":"https:\/\/www.alliancerotterdam.nl\/en\/wp-json\/wp\/v2\/tribe_events\/33759\/revisions\/33761"}],"wp:featuredmedia":[{"embeddable":true,"href":"https:\/\/www.alliancerotterdam.nl\/en\/wp-json\/wp\/v2\/media\/33760"}],"wp:attachment":[{"href":"https:\/\/www.alliancerotterdam.nl\/en\/wp-json\/wp\/v2\/media?parent=33759"}],"wp:term":[{"taxonomy":"post_tag","embeddable":true,"href":"https:\/\/www.alliancerotterdam.nl\/en\/wp-json\/wp\/v2\/tags?post=33759"},{"taxonomy":"tribe_events_cat","embeddable":true,"href":"https:\/\/www.alliancerotterdam.nl\/en\/wp-json\/wp\/v2\/tribe_events_cat?post=33759"}],"curies":[{"name":"wp","href":"https:\/\/api.w.org\/{rel}","templated":true}]}}