{"id":17729,"date":"2024-03-27T15:23:37","date_gmt":"2024-03-27T14:23:37","guid":{"rendered":"https:\/\/www.alliancerotterdam.nl\/?post_type=tribe_events&amp;p=17729"},"modified":"2024-03-27T15:23:37","modified_gmt":"2024-03-27T14:23:37","slug":"rencontre-litteraire-xavier-le-clerc","status":"publish","type":"tribe_events","link":"https:\/\/www.alliancerotterdam.nl\/en\/event\/rencontre-litteraire-xavier-le-clerc\/","title":{"rendered":"Rencontre litt\u00e9raire : Xavier Le Clerc"},"content":{"rendered":"<p>A l&#8217;occasion de la parution de la traduction n\u00e9erlandaise de son roman <strong>\u00ab\u202fUn homme sans titre\u202f\u00bb,<\/strong> l&#8217;institut fran\u00e7ais NL invite l&#8217;\u00e9crivain fran\u00e7ais<strong> Xavier Le Clerc <\/strong>aux Pays-Bas &#x1f4da;<em><strong>\u00a0<\/strong><\/em><\/p>\n<p>Rendez-vous le <strong>jeudi 16 mai \u00e0 20h<\/strong> pour une rencontre avec Xavier Le Clerc, dans la <strong>galerie de l&#8217;Alliance Fran\u00e7aise Rotterdam.\u00a0<\/strong><\/p>\n<p><strong>&#x1f4cd; <\/strong>Westersingel 14, \u00e0 5 min \u00e0 pied de la gare.<\/p>\n<p>&#x1f449; Entr\u00e9e gratuite sur r\u00e9servation <a href=\"https:\/\/www.alliancerotterdam.nl\/produit\/rencontre-litteraire-xavier-le-clerc\/\">ICI\u00a0<\/a><\/p>\n<p>D\u00e9dicace et vente de livres en fran\u00e7ais et n\u00e9erlandais !<\/p>\n<p>&nbsp;<\/p>\n<p><strong>Xavier Le Clerc<\/strong> : N\u00e9 en Kabylie en 1979, Xavier Le Clerc grandit en Normandie et partage aujourd&#8217;hui sa vie entre la France et l&#8217;Angleterre. Apr\u00e8s avoir travaill\u00e9 de nombreuses ann\u00e9es dans le monde du luxe, il se consacre enti\u00e8rement \u00e0 l&#8217;\u00e9criture. Dans ses romans, Xavier Le Clerc retrace et explore l\u2019histoire de la France et de l\u2019Alg\u00e9rie.<\/p>\n<p>Il publie son premier roman en 2008, <em>De gr\u00e2ce<\/em>, sous son premier nom, Hamid A\u00eft-Taleb. Alors que son deuxi\u00e8me roman, <em>Cent vingt francs<\/em> (2021) \u00e9voque son arri\u00e8re-grand-p\u00e8re kabyle, mort pour la France \u00e0 Verdun en 1917, son troisi\u00e8me ouvrage, <em>Un homme sans titre<\/em>, est un hommage \u00e0 son p\u00e8re arriv\u00e9 d\u2019Alg\u00e9rie en 1962, embauch\u00e9 comme main d\u2019\u0153uvre \u00e0 la Soci\u00e9t\u00e9 m\u00e9tallurgique de Normandie.<\/p>\n<p>&nbsp;<\/p>\n<p><em><strong>Un homme sans titre<\/strong><\/em> : En lisant\u00a0<i>Mis\u00e8re de la Kabylie<\/i>, reportage publi\u00e9 par Camus en 1939, Xavier Le Clerc d\u00e9couvre dans quelles conditions de d\u00e9nuement son p\u00e8re a grandi. L\u2019auteur retrace le parcours de cet homme courageux, si longtemps absent et mutique, arriv\u00e9 d\u2019Alg\u00e9rie en 1962, embauch\u00e9 comme man\u0153uvre \u00e0 la Soci\u00e9t\u00e9 m\u00e9tallurgique de Normandie. Ce t\u00e9moignage captivant est un cri de r\u00e9volte contre l\u2019injustice et la mis\u00e8re organis\u00e9e, mais il laisse aussi entendre une voix apais\u00e9e qui invite \u00e0 r\u00e9fl\u00e9chir sur les notions d\u2019identit\u00e9 et d\u2019int\u00e9gration.<\/p>\n<p>Un livre qui se termine par un plaidoyer \u00e9tonnant de l&#8217;auteur qui explique pourquoi il a chang\u00e9 de nom. Il s\u2019appelait Hamid A\u00eft-Taleb, il est devenu Xavier Le Clerc.<\/p>\n<p>&nbsp;<\/p>\n<p style=\"text-align: center\"><strong>&#8220;Votre texte pudique, sensible et intelligent m&#8217;a boulevers\u00e9. Il y est question d&#8217;exil, d&#8217;identit\u00e9, de reproduction sociale, de transfuge de classe et c&#8217;est d&#8217;abord un magnifique hommage \u00e0 votre p\u00e8re.&#8221; L\u00e9a Salam\u00e9, <em>La matinale de France Inter<\/em><\/strong><\/p>\n","protected":false},"excerpt":{"rendered":"<p>A l&#8217;occasion de la parution de la traduction n\u00e9erlandaise de son roman \u00ab\u202fUn homme sans titre\u202f\u00bb, l&#8217;institut fran\u00e7ais NL invite l&#8217;\u00e9crivain fran\u00e7ais Xavier Le Clerc aux Pays-Bas &#x1f4da;\u00a0 Rendez-vous le [&hellip;]<\/p>\n","protected":false},"author":1,"featured_media":17737,"template":"","meta":{"_et_pb_use_builder":"","_et_pb_old_content":"","_et_gb_content_width":"","_tribe_events_status":"","_tribe_events_status_reason":"","footnotes":""},"tags":[],"tribe_events_cat":[],"class_list":["post-17729","tribe_events","type-tribe_events","status-publish","has-post-thumbnail","hentry"],"_links":{"self":[{"href":"https:\/\/www.alliancerotterdam.nl\/en\/wp-json\/wp\/v2\/tribe_events\/17729","targetHints":{"allow":["GET"]}}],"collection":[{"href":"https:\/\/www.alliancerotterdam.nl\/en\/wp-json\/wp\/v2\/tribe_events"}],"about":[{"href":"https:\/\/www.alliancerotterdam.nl\/en\/wp-json\/wp\/v2\/types\/tribe_events"}],"author":[{"embeddable":true,"href":"https:\/\/www.alliancerotterdam.nl\/en\/wp-json\/wp\/v2\/users\/1"}],"version-history":[{"count":0,"href":"https:\/\/www.alliancerotterdam.nl\/en\/wp-json\/wp\/v2\/tribe_events\/17729\/revisions"}],"wp:featuredmedia":[{"embeddable":true,"href":"https:\/\/www.alliancerotterdam.nl\/en\/wp-json\/wp\/v2\/media\/17737"}],"wp:attachment":[{"href":"https:\/\/www.alliancerotterdam.nl\/en\/wp-json\/wp\/v2\/media?parent=17729"}],"wp:term":[{"taxonomy":"post_tag","embeddable":true,"href":"https:\/\/www.alliancerotterdam.nl\/en\/wp-json\/wp\/v2\/tags?post=17729"},{"taxonomy":"tribe_events_cat","embeddable":true,"href":"https:\/\/www.alliancerotterdam.nl\/en\/wp-json\/wp\/v2\/tribe_events_cat?post=17729"}],"curies":[{"name":"wp","href":"https:\/\/api.w.org\/{rel}","templated":true}]}}