{"id":33765,"date":"2025-09-29T16:39:01","date_gmt":"2025-09-29T14:39:01","guid":{"rendered":"https:\/\/www.alliancerotterdam.nl\/?post_type=tribe_events&#038;p=33765"},"modified":"2025-09-29T16:39:01","modified_gmt":"2025-09-29T14:39:01","slug":"conference-oh-marie-dorleans-1813-1839","status":"publish","type":"tribe_events","link":"http:\/\/www.alliancerotterdam.nl\/nl\/evennement\/conference-oh-marie-dorleans-1813-1839\/","title":{"rendered":"Conf\u00e9rence Oh ! : Marie d&#8217;Orl\u00e9ans (1813-1839)"},"content":{"rendered":"<div data-olk-copy-source=\"MailCompose\">Les Alliances Fran\u00e7aises du Portugal, d\u2019Espagne, de Pologne, de Belgique, des Pays-Bas ainsi que l\u2019Accueil de la Haye sont heureuses de s\u2019unir de nouveau afin de vous pr\u00e9senter une nouvelle rencontre d\u2019un cycle de conf\u00e9rences sur les incontournables de la culture fran\u00e7aise. Laissez-vous guider par Giulia FRANCESCHINI lors d\u2019une conf\u00e9rence en ligne sur la sculptrice Marie d&#8217;Orl\u00e9ans (1813-1839).<\/div>\n<div><\/div>\n<div>Marie Christine Caroline Ad\u00e9la\u00efde Fran\u00e7oise L\u00e9opoldine d&#8217;Orl\u00e9ans, fille du roi Louis-Philippe, se fait conna\u00eetre comme sculptrice de talent. Berc\u00e9e d\u00e8s l\u2019enfance par l\u2019art de l\u2019\u00e9cole romantique et \u00e9l\u00e8ve de Ary Scheffer, ses \u0153uvres d\u00e9notent tr\u00e8s souvent d&#8217;un caract\u00e8re historique, et notamment du Moyen-\u00c2ge dont elle est f\u00e9rue. Atteinte de phtisie, elle meurt jeune \u00e0 25 ans, en laissant derri\u00e8re elle une production d\u2019\u00e0 peine une centaine d\u2019\u0153uvres.<\/div>\n<div><\/div>\n<p><a href=\"https:\/\/events.teams.microsoft.com\/event\/5d7a6213-d71b-43ff-8c01-2a9b5baefb30@754c560a-81c5-43c4-892c-26f1fdc269ab\">Conf\u00e9rence en ligne, inscription ICI !<\/a><\/p>\n","protected":false},"excerpt":{"rendered":"<p>Les Alliances Fran\u00e7aises du Portugal, d\u2019Espagne, de Pologne, de Belgique, des Pays-Bas ainsi que l\u2019Accueil de la Haye sont heureuses de s\u2019unir de nouveau afin de vous pr\u00e9senter une nouvelle [&hellip;]<\/p>\n","protected":false},"author":2,"featured_media":33766,"template":"","meta":{"_et_pb_use_builder":"","_et_pb_old_content":"","_et_gb_content_width":"","_tribe_events_status":"","_tribe_events_status_reason":"","footnotes":""},"tags":[],"tribe_events_cat":[],"class_list":["post-33765","tribe_events","type-tribe_events","status-publish","has-post-thumbnail","hentry"],"_links":{"self":[{"href":"http:\/\/www.alliancerotterdam.nl\/nl\/wp-json\/wp\/v2\/tribe_events\/33765","targetHints":{"allow":["GET"]}}],"collection":[{"href":"http:\/\/www.alliancerotterdam.nl\/nl\/wp-json\/wp\/v2\/tribe_events"}],"about":[{"href":"http:\/\/www.alliancerotterdam.nl\/nl\/wp-json\/wp\/v2\/types\/tribe_events"}],"author":[{"embeddable":true,"href":"http:\/\/www.alliancerotterdam.nl\/nl\/wp-json\/wp\/v2\/users\/2"}],"version-history":[{"count":1,"href":"http:\/\/www.alliancerotterdam.nl\/nl\/wp-json\/wp\/v2\/tribe_events\/33765\/revisions"}],"predecessor-version":[{"id":33767,"href":"http:\/\/www.alliancerotterdam.nl\/nl\/wp-json\/wp\/v2\/tribe_events\/33765\/revisions\/33767"}],"wp:featuredmedia":[{"embeddable":true,"href":"http:\/\/www.alliancerotterdam.nl\/nl\/wp-json\/wp\/v2\/media\/33766"}],"wp:attachment":[{"href":"http:\/\/www.alliancerotterdam.nl\/nl\/wp-json\/wp\/v2\/media?parent=33765"}],"wp:term":[{"taxonomy":"post_tag","embeddable":true,"href":"http:\/\/www.alliancerotterdam.nl\/nl\/wp-json\/wp\/v2\/tags?post=33765"},{"taxonomy":"tribe_events_cat","embeddable":true,"href":"http:\/\/www.alliancerotterdam.nl\/nl\/wp-json\/wp\/v2\/tribe_events_cat?post=33765"}],"curies":[{"name":"wp","href":"https:\/\/api.w.org\/{rel}","templated":true}]}}