{"id":31388,"date":"2025-04-30T12:13:07","date_gmt":"2025-04-30T10:13:07","guid":{"rendered":"https:\/\/www.alliancerotterdam.nl\/?post_type=tribe_events&#038;p=31388"},"modified":"2025-04-30T12:14:15","modified_gmt":"2025-04-30T10:14:15","slug":"conference-oh-le-peintre-gustave-caillebotte-1848-1894","status":"publish","type":"tribe_events","link":"http:\/\/www.alliancerotterdam.nl\/nl\/evennement\/conference-oh-le-peintre-gustave-caillebotte-1848-1894\/","title":{"rendered":"Conf\u00e9rence OH ! Le peintre Gustave Caillebotte (1848-1894)"},"content":{"rendered":"<p><span class=\"ui-provider gp b c d e f g h i j k l m n o p q r s t u v w x y z ab ac ae af ag ah ai aj ak\" dir=\"ltr\">Les Alliances Fran\u00e7aises du Portugal, d\u2019Espagne, de Pologne, de Belgique, des Pays-Bas ainsi que l\u2019Accueil de la Haye sont heureuses de s\u2019unir de nouveau afin de vous pr\u00e9senter une nouvelle rencontre d\u2019un cycle de conf\u00e9rences sur les incontournables de la culture fran\u00e7aise. Laissez-vous guider par Giulia FRANCESCHINI lors d\u2019une conf\u00e9rence en ligne sur le peintre Gustave Caillebotte (1848-1894).<\/span><\/p>\n<div><span class=\"ui-provider gp b c d e f g h i j k l m n o p q r s t u v w x y z ab ac ae af ag ah ai aj ak\" dir=\"ltr\">\u00a0<\/span><\/div>\n<div>\n<div>Issu d\u2019une famille ais\u00e9e, Caillebotte fut longtemps connu plus comme m\u00e9c\u00e8ne des Impressionnistes que comme peintre. Il peint en plein-air, r\u00e9alisant beaucoup d\u2019esquisses, mais repr\u00e9sente \u00e9galement la vie dans les boulevards Haussmanniens, en donnant le beau r\u00f4le \u00e0 l\u2019architecture. Une heure pour d\u00e9couvrir ou red\u00e9couvrir ce peintre de la deuxi\u00e8me moiti\u00e9 du 19 e si\u00e8cle !<\/div>\n<\/div>\n<div><span class=\"ui-provider gp b c d e f g h i j k l m n o p q r s t u v w x y z ab ac ae af ag ah ai aj ak\" dir=\"ltr\">\u00a0<\/span><\/div>\n<div><a href=\"https:\/\/events.teams.microsoft.com\/event\/57198788-ca4f-434b-9caf-bc296ae61094@754c560a-81c5-43c4-892c-26f1fdc269ab\"><span class=\"ui-provider gp b c d e f g h i j k l m n o p q r s t u v w x y z ab ac ae af ag ah ai aj ak\" dir=\"ltr\">\ud83d\udc49 Cliquez ici pour vous inscrire sur la plateforme Teams !<\/span><\/a><\/div>\n","protected":false},"excerpt":{"rendered":"<p>Les Alliances Fran\u00e7aises du Portugal, d\u2019Espagne, de Pologne, de Belgique, des Pays-Bas ainsi que l\u2019Accueil de la Haye sont heureuses de s\u2019unir de nouveau afin de vous pr\u00e9senter une nouvelle [&hellip;]<\/p>\n","protected":false},"author":2,"featured_media":0,"template":"","meta":{"_et_pb_use_builder":"","_et_pb_old_content":"","_et_gb_content_width":"","_tribe_events_status":"","_tribe_events_status_reason":"","footnotes":""},"tags":[],"tribe_events_cat":[],"class_list":["post-31388","tribe_events","type-tribe_events","status-publish","hentry"],"_links":{"self":[{"href":"http:\/\/www.alliancerotterdam.nl\/nl\/wp-json\/wp\/v2\/tribe_events\/31388","targetHints":{"allow":["GET"]}}],"collection":[{"href":"http:\/\/www.alliancerotterdam.nl\/nl\/wp-json\/wp\/v2\/tribe_events"}],"about":[{"href":"http:\/\/www.alliancerotterdam.nl\/nl\/wp-json\/wp\/v2\/types\/tribe_events"}],"author":[{"embeddable":true,"href":"http:\/\/www.alliancerotterdam.nl\/nl\/wp-json\/wp\/v2\/users\/2"}],"version-history":[{"count":1,"href":"http:\/\/www.alliancerotterdam.nl\/nl\/wp-json\/wp\/v2\/tribe_events\/31388\/revisions"}],"predecessor-version":[{"id":31390,"href":"http:\/\/www.alliancerotterdam.nl\/nl\/wp-json\/wp\/v2\/tribe_events\/31388\/revisions\/31390"}],"wp:attachment":[{"href":"http:\/\/www.alliancerotterdam.nl\/nl\/wp-json\/wp\/v2\/media?parent=31388"}],"wp:term":[{"taxonomy":"post_tag","embeddable":true,"href":"http:\/\/www.alliancerotterdam.nl\/nl\/wp-json\/wp\/v2\/tags?post=31388"},{"taxonomy":"tribe_events_cat","embeddable":true,"href":"http:\/\/www.alliancerotterdam.nl\/nl\/wp-json\/wp\/v2\/tribe_events_cat?post=31388"}],"curies":[{"name":"wp","href":"https:\/\/api.w.org\/{rel}","templated":true}]}}