{"id":19331,"date":"2024-11-20T10:56:11","date_gmt":"2024-11-20T09:56:11","guid":{"rendered":"https:\/\/www.alliancerotterdam.nl\/?post_type=tribe_events&#038;p=19329"},"modified":"2024-11-20T11:40:46","modified_gmt":"2024-11-20T10:40:46","slug":"lafterwork-beaujolais-nouveau","status":"publish","type":"tribe_events","link":"http:\/\/www.alliancerotterdam.nl\/nl\/evennement\/lafterwork-beaujolais-nouveau\/","title":{"rendered":"L&#8217;afterwork Beaujolais Nouveau"},"content":{"rendered":"<p><strong>Beaujolais Nouveau :\u00a0 testez la cuv\u00e9e 2024 !\u00a0<\/strong><\/p>\n<p>Chaque ann\u00e9e, l&#8217;\u00e9v\u00e9nement tombe le 3e jeudi du mois de novembre. Le Beaujolais nouveau sort demain, jeudi 21 novembre ! \u00a0Venez f\u00eatez l&#8217;arriv\u00e9e du cru 2024 et osez l&#8217;afterwork dans un lieu tr\u00e8s fran\u00e7ais&#8230; le caf\u00e9 de l&#8217;Alliance Fran\u00e7aise !<\/p>\n<p><img loading=\"lazy\" decoding=\"async\" class=\"\" src=\"https:\/\/th.bing.com\/th\/id\/OIP.9r5dPhsi49lbSytO2qmuuAHaHa?pid=ImgDet&amp;w=184&amp;h=184&amp;c=7&amp;dpr=1,3\" alt=\"Voir les d\u00e9tails de l\u2019image associ\u00e9e. Verre De Vin Emoji\" width=\"21\" height=\"21\" \/> Bar \u00e0 Beaujolais \u00e0 partir de 17h30<\/p>\n<p>&#8230;et playlist de DJ fran\u00e7ais : Madeon, Bob Sinclar, Martin Solveig, DJ Snake, David Guetta&#8230;<\/p>\n<p>\u2728 Vous \u00eates membres ? Vous avez droit \u00e0 un verre gratuit !<\/p>\n<p><strong>Le saviez-vous ?\u00a0<\/strong><\/p>\n<ul>\n<li>En tout, ce seront plus de <strong>100 millions<\/strong> de verres de Beaujolais Nouveau\u00a0et pr\u00e8s de <strong>20\u00a0millions de bouteilles<\/strong> qui seront commercialis\u00e9es dans plus de 110\u00a0pays.<\/li>\n<li>Pr\u00e8s de<strong> 50%<\/strong> de la production est destin\u00e9e \u00e0 \u00eatre vendue au-del\u00e0 de nos fronti\u00e8res comme au Japon, aux \u00c9tats-Unis ou en Allemagne.<\/li>\n<\/ul>\n<p>&nbsp;<\/p>\n<blockquote class=\"wp-embedded-content\" data-secret=\"lF6JPlwvBi\"><p><a href=\"https:\/\/www.beaujolaisnouveau.fr\/article-nbb\/podcast-1\/\">\u00c9pisode 1 : Le ph\u00e9nom\u00e8ne Beaujolais Nouveau<\/a><\/p><\/blockquote>\n<p><iframe loading=\"lazy\" class=\"wp-embedded-content\" sandbox=\"allow-scripts\" security=\"restricted\" style=\"position: absolute; visibility: hidden;\" title=\"\u00ab\u00a0\u00c9pisode 1 : Le ph\u00e9nom\u00e8ne Beaujolais Nouveau\u00a0\u00bb &#8212; Les Beaujolais Nouveaux\" src=\"https:\/\/www.beaujolaisnouveau.fr\/article-nbb\/podcast-1\/embed\/#?secret=wRZDluQV4k#?secret=lF6JPlwvBi\" data-secret=\"lF6JPlwvBi\" width=\"600\" height=\"338\" frameborder=\"0\" marginwidth=\"0\" marginheight=\"0\" scrolling=\"no\"><\/iframe><\/p>\n<p>&nbsp;<\/p>\n","protected":false},"excerpt":{"rendered":"<p>Beaujolais Nouveau :\u00a0 testez la cuv\u00e9e 2024 !\u00a0 Chaque ann\u00e9e, l&#8217;\u00e9v\u00e9nement tombe le 3e jeudi du mois de novembre. Le Beaujolais nouveau sort demain, jeudi 21 novembre ! \u00a0Venez f\u00eatez [&hellip;]<\/p>\n","protected":false},"author":1,"featured_media":0,"template":"","meta":{"_et_pb_use_builder":"","_et_pb_old_content":"","_et_gb_content_width":"","_tribe_events_status":"","_tribe_events_status_reason":"","footnotes":""},"tags":[],"tribe_events_cat":[],"class_list":["post-19331","tribe_events","type-tribe_events","status-publish","hentry"],"_links":{"self":[{"href":"http:\/\/www.alliancerotterdam.nl\/nl\/wp-json\/wp\/v2\/tribe_events\/19331","targetHints":{"allow":["GET"]}}],"collection":[{"href":"http:\/\/www.alliancerotterdam.nl\/nl\/wp-json\/wp\/v2\/tribe_events"}],"about":[{"href":"http:\/\/www.alliancerotterdam.nl\/nl\/wp-json\/wp\/v2\/types\/tribe_events"}],"author":[{"embeddable":true,"href":"http:\/\/www.alliancerotterdam.nl\/nl\/wp-json\/wp\/v2\/users\/1"}],"version-history":[{"count":1,"href":"http:\/\/www.alliancerotterdam.nl\/nl\/wp-json\/wp\/v2\/tribe_events\/19331\/revisions"}],"predecessor-version":[{"id":19647,"href":"http:\/\/www.alliancerotterdam.nl\/nl\/wp-json\/wp\/v2\/tribe_events\/19331\/revisions\/19647"}],"wp:attachment":[{"href":"http:\/\/www.alliancerotterdam.nl\/nl\/wp-json\/wp\/v2\/media?parent=19331"}],"wp:term":[{"taxonomy":"post_tag","embeddable":true,"href":"http:\/\/www.alliancerotterdam.nl\/nl\/wp-json\/wp\/v2\/tags?post=19331"},{"taxonomy":"tribe_events_cat","embeddable":true,"href":"http:\/\/www.alliancerotterdam.nl\/nl\/wp-json\/wp\/v2\/tribe_events_cat?post=19331"}],"curies":[{"name":"wp","href":"https:\/\/api.w.org\/{rel}","templated":true}]}}