{"id":18462,"date":"2024-05-07T18:10:14","date_gmt":"2024-05-07T16:10:14","guid":{"rendered":"https:\/\/www.alliancerotterdam.nl\/?post_type=tribe_events&amp;p=18462"},"modified":"2024-05-07T18:10:14","modified_gmt":"2024-05-07T16:10:14","slug":"le-monde-sans-fin-cloture-de-lexposition-closing-evening","status":"publish","type":"tribe_events","link":"http:\/\/www.alliancerotterdam.nl\/nl\/evennement\/le-monde-sans-fin-cloture-de-lexposition-closing-evening\/","title":{"rendered":"Journ\u00e9e de l&#8217;environnement &#8211; Ap\u00e9ro et d\u00e9bat"},"content":{"rendered":"<h2 style=\"text-align: center\">Journ\u00e9e de l&#8217;environnement<\/h2>\n<h3 style=\"text-align: center\"><strong>Mercredi 5 juin<\/strong>\u00a0<strong>\u00e0 18h\u00a0<\/strong><\/h3>\n<p style=\"text-align: center\">Nous vous invitons \u00e0 retrouver\u00a0<strong><span class=\"mark2x7sogac1\" data-markjs=\"true\" data-ogac=\"\" data-ogab=\"\" data-ogsc=\"\" data-ogsb=\"\">Laurie<\/span>\u00a0<span class=\"markvqfenfine\" data-markjs=\"true\" data-ogac=\"\" data-ogab=\"\" data-ogsc=\"\" data-ogsb=\"\">Foulon <\/span><\/strong>pour un ap\u00e9ro-d\u00e9bat sur le<strong> Deep Sea Mining<\/strong> \/ l\u2019exploitation mini\u00e8re des fonds marins.<\/p>\n<p><img loading=\"lazy\" decoding=\"async\" class=\"size-medium wp-image-18571 alignright\" src=\"https:\/\/www.alliancerotterdam.nl\/wp-content\/uploads\/sites\/4\/2024\/05\/Laurie_Sailing-270x360.jpg\" alt=\"\" width=\"270\" height=\"360\" \/><br \/>\nLaurie a rejoint la bataille contre l\u2019ouverture de l\u2019exploitation mini\u00e8re en eaux profondes\u00a0il y a 6 mois, avec le projet <a href=\"https:\/\/www.theoceanandus.org\/\" target=\"_blank\" rel=\"noopener\"><strong>The Ocean and Us<\/strong><\/a> bas\u00e9 \u00e0 La Haye !<\/p>\n<p><em>Notre mission est de garantir la sant\u00e9 des oc\u00e9ans pour la survie et le bien-\u00eatre de l&#8217;humanit\u00e9, et par devoir moral envers tous les \u00eatres vivants. Nous menons des actions de plaidoyer sur toute une s\u00e9rie de questions oc\u00e9aniques pertinentes, allant du changement climatique, de la surp\u00eache et de la pollution aux menaces \u00e9mergentes telles que l&#8217;exploitation mini\u00e8re en eaux profondes.<\/em><\/p>\n<p>En ao\u00fbt 2024, <strong>Farah Obaidullah<\/strong>, fondatrice de The Ocean and Us, embarquera pour un voyage de responsabilisation et de d\u00e9termination &#8211; sp\u00e9cifiquement au sujet de l&#8217;exploitation mini\u00e8re des eaux profondes. Des sommets de l&#8217;Alaska aux c\u00f4tes du Chili, Farah aura l&#8217;occasion rencontrer des repr\u00e9sentants d&#8217;universit\u00e9s, d&#8217;associations de p\u00eacheurs, d&#8217;entreprises technologiques et d&#8217;EV, ainsi que de groupes de protection de la nature, qui soutiendront un moratoire mondial sur l&#8217;exploitation mini\u00e8re en eaux profondes.<\/p>\n<p>Le but de ce voyage ? un appel \u00e0 <span class=\"x_gmail_default\">l&#8217;<strong>Autorit\u00e9 International des Fonds Marins<\/strong> (International Seabed Authority) qui r\u00e9glemente et contr\u00f4le toutes les activit\u00e9s li\u00e9es aux min\u00e9raux dans les fonds marins internationaux.<\/span><\/p>\n<p><strong>Laurie aura le plaisir de discuter et d\u00e9battre sur les enjeux du Deep Sea Mining et sur les projets men\u00e9s par l&#8217;association The Ocean and Us !<\/strong><\/p>\n<div class=\"x_gmail_default\"><i>Website:\u00a0<a href=\"https:\/\/www.theoceanandus.org\/\" target=\"_blank\" rel=\"noopener noreferrer\" data-auth=\"NotApplicable\" data-linkindex=\"1\">https:\/\/www.theoceanandus.org\/<\/a>\u00a0<\/i><\/div>\n<div class=\"x_gmail_default\"><i>Instagram:\u00a0<a href=\"https:\/\/www.instagram.com\/theoceanandus_official\/\" target=\"_blank\" rel=\"noopener noreferrer\" data-auth=\"NotApplicable\" data-linkindex=\"2\">https:\/\/www.instagram.com\/theoceanandus_official\/<\/a><\/i><\/div>\n<div class=\"x_gmail_default\"><i>Lien pour les dons:\u00a0<a href=\"https:\/\/donorbox.org\/support-ocean-and-us\" target=\"_blank\" rel=\"noopener noreferrer\" data-auth=\"NotApplicable\" data-linkindex=\"3\">https:\/\/donorbox.org\/support-ocean-and-us<\/a><\/i><\/div>\n<p>&nbsp;<\/p>\n<p style=\"text-align: center\"><strong>Entr\u00e9e libre et gratuite<\/strong><\/p>\n","protected":false},"excerpt":{"rendered":"<p>Journ\u00e9e de l&#8217;environnement Mercredi 5 juin\u00a0\u00e0 18h\u00a0 Nous vous invitons \u00e0 retrouver\u00a0Laurie\u00a0Foulon pour un ap\u00e9ro-d\u00e9bat sur le Deep Sea Mining \/ l\u2019exploitation mini\u00e8re des fonds marins. Laurie a rejoint la [&hellip;]<\/p>\n","protected":false},"author":1,"featured_media":0,"template":"","meta":{"_et_pb_use_builder":"","_et_pb_old_content":"","_et_gb_content_width":"","_tribe_events_status":"","_tribe_events_status_reason":"","footnotes":""},"tags":[],"tribe_events_cat":[242],"class_list":["post-18462","tribe_events","type-tribe_events","status-publish","hentry","tribe_events_cat-cultuur","cat_cultuur"],"_links":{"self":[{"href":"http:\/\/www.alliancerotterdam.nl\/nl\/wp-json\/wp\/v2\/tribe_events\/18462","targetHints":{"allow":["GET"]}}],"collection":[{"href":"http:\/\/www.alliancerotterdam.nl\/nl\/wp-json\/wp\/v2\/tribe_events"}],"about":[{"href":"http:\/\/www.alliancerotterdam.nl\/nl\/wp-json\/wp\/v2\/types\/tribe_events"}],"author":[{"embeddable":true,"href":"http:\/\/www.alliancerotterdam.nl\/nl\/wp-json\/wp\/v2\/users\/1"}],"version-history":[{"count":0,"href":"http:\/\/www.alliancerotterdam.nl\/nl\/wp-json\/wp\/v2\/tribe_events\/18462\/revisions"}],"wp:attachment":[{"href":"http:\/\/www.alliancerotterdam.nl\/nl\/wp-json\/wp\/v2\/media?parent=18462"}],"wp:term":[{"taxonomy":"post_tag","embeddable":true,"href":"http:\/\/www.alliancerotterdam.nl\/nl\/wp-json\/wp\/v2\/tags?post=18462"},{"taxonomy":"tribe_events_cat","embeddable":true,"href":"http:\/\/www.alliancerotterdam.nl\/nl\/wp-json\/wp\/v2\/tribe_events_cat?post=18462"}],"curies":[{"name":"wp","href":"https:\/\/api.w.org\/{rel}","templated":true}]}}