{"id":28210,"date":"2024-10-17T15:37:27","date_gmt":"2024-10-17T13:37:27","guid":{"rendered":"https:\/\/dev2.alliancerotterdam.nl\/cultuur\/"},"modified":"2025-12-22T09:39:47","modified_gmt":"2025-12-22T08:39:47","slug":"evenementen","status":"publish","type":"page","link":"http:\/\/www.alliancerotterdam.nl\/nl\/evenementen\/","title":{"rendered":"Evenementen"},"content":{"rendered":"<p>[et_pb_section fb_built=&#8221;1&#8243; admin_label=&#8221;Hero&#8221; _builder_version=&#8221;4.27.4&#8243; _module_preset=&#8221;default&#8221; background_color=&#8221;gcid-primary-color&#8221; custom_padding=&#8221;||0px||false|false&#8221; locked=&#8221;off&#8221; collapsed=&#8221;on&#8221; global_colors_info=&#8221;{%22gcid-primary-color%22:%91%22background_color%22%93}&#8221;][et_pb_row _builder_version=&#8221;4.27.3&#8243; _module_preset=&#8221;5138c454-be54-4233-bd3b-f8e6a8747976&#8243; global_colors_info=&#8221;{}&#8221;][et_pb_column type=&#8221;4_4&#8243; _builder_version=&#8221;4.27.3&#8243; _module_preset=&#8221;73121f80-a3ef-4484-8763-c3f18e3c56d2&#8243; global_colors_info=&#8221;{}&#8221;][et_pb_heading title=&#8221;Onze culturele activiteiten&#8221; _builder_version=&#8221;4.27.4&#8243; _module_preset=&#8221;ddeb8c09-9078-4424-bc15-2efb6572e28e&#8221; locked=&#8221;off&#8221; global_colors_info=&#8221;{}&#8221;][\/et_pb_heading][et_pb_text _builder_version=&#8221;4.27.4&#8243; _module_preset=&#8221;2c55a9c4-feed-423b-9edb-ae0b5b365cac&#8221; text_text_color=&#8221;#FFFFFF&#8221; header_text_align=&#8221;center&#8221; header_text_color=&#8221;#FFFFFF&#8221; text_orientation=&#8221;center&#8221; locked=&#8221;off&#8221; global_colors_info=&#8221;{%22gcid-primary-color%22:%91%22link_text_color%22,%22link_text_color%22%93,%22gcid-heading-color%22:%91%22header_text_color%22,%22header_4_text_color%22,%22header_3_text_color%22,%22header_2_text_color%22,%22header_5_text_color%22,%22header_6_text_color%22,%22quote_text_color%22,%22header_4_text_color%22,%22header_3_text_color%22,%22header_2_text_color%22,%22header_5_text_color%22,%22header_6_text_color%22,%22quote_text_color%22%93,%22gcid-secondary-color%22:%91%22quote_border_color%22,%22quote_border_color%22%93}&#8221;]<\/p>\n<p>Kom en ontmoet de Franstaligen van Rotterdam en oefen je Frans door deel te nemen aan onze culturele evenementen.<\/p>\n<p>[\/et_pb_text][\/et_pb_column][\/et_pb_row][\/et_pb_section][et_pb_section fb_built=&#8221;1&#8243; admin_label=&#8221;Ev\u00e9nnements&#8221; _builder_version=&#8221;4.27.4&#8243; _module_preset=&#8221;8363d3a1-7f13-4aae-8984-26124f93e21c&#8221; custom_padding=&#8221;||||false|false&#8221; locked=&#8221;off&#8221; collapsed=&#8221;on&#8221; global_colors_info=&#8221;{%22gcid-36fd78a7-34bc-404d-873c-dafa34efaae5%22:%91%22colorStart%22%93,%22gcid-primary-color%22:%91%22background_color_gradient_stops%22%93}&#8221;][et_pb_row custom_padding_last_edited=&#8221;off|phone&#8221; _builder_version=&#8221;4.27.4&#8243; _module_preset=&#8221;default&#8221; custom_margin=&#8221;||||false|false&#8221; custom_padding=&#8221;0px||||false|false&#8221; custom_padding_tablet=&#8221;||||false|false&#8221; custom_css_free_form=&#8221;et_pb_button {||  padding: 12px;||}&#8221; global_colors_info=&#8221;{}&#8221;][et_pb_column type=&#8221;4_4&#8243; _builder_version=&#8221;4.27.4&#8243; _module_preset=&#8221;default&#8221; global_colors_info=&#8221;{}&#8221;][decm_event_display show_virtual_event=&#8221;on&#8221; show_hybrid_event=&#8221;on&#8221; recurrence_number=&#8221;24&#8243; date_format=&#8221;j F Y&#8221; shorten_multidate=&#8221;off&#8221; show_end_time=&#8221;off&#8221; show_venue=&#8221;off&#8221; show_name=&#8221;off&#8221; show_price=&#8221;off&#8221; show_rsvp_feed=&#8221;off&#8221; show_category=&#8221;off&#8221; hide_comma_cat=&#8221;off&#8221; show_tag=&#8221;off&#8221; show_weburl=&#8221;off&#8221; show_excerpt=&#8221;off&#8221; show_detail=&#8221;off&#8221; show_callout_box=&#8221;off&#8221; show_icon_label=&#8221;none&#8221; event_count=&#8221;24&#8243; open_toggle_background_color=&#8221;#FFFFFF&#8221; month_sep_background_color=&#8221;RGBA(255,255,255,0)&#8221; details_background_color=&#8221;RGBA(255,255,255,0)&#8221; callout_background_color=&#8221;RGBA(255,255,255,0)&#8221; details_icon_color=&#8221;gcid-primary-color&#8221; cards_spacing=&#8221;||||true|false&#8221; event_inner_spacing=&#8221;30px|30px|30px|30px|true|true&#8221; view_more_text=&#8221;En savoir plus&#8221; align=&#8221;center&#8221; button_align=&#8221;on&#8221; whole_event_clickable=&#8221;on&#8221; callout_background_color_tablet=&#8221;#FFFFFF&#8221; callout_background_color_phone=&#8221;#FFFFFF&#8221; callout_background_color_last_edited=&#8221;on|desktop&#8221; admin_label=&#8221;Flux d\u2019\u00e9v\u00e9nements&#8221; module_class=&#8221;divi-events&#8221; _builder_version=&#8221;4.27.4&#8243; _module_preset=&#8221;default&#8221; title_font=&#8221;&#8211;et_global_heading_font|100|||||||&#8221; duration_font=&#8221;&#8211;et_global_body_font||||||||&#8221; background_color=&#8221;RGBA(255,255,255,0)&#8221; custom_view_more=&#8221;on&#8221; view_more_text_size=&#8221;14px&#8221; view_more_text_color=&#8221;#FFFFFF&#8221; view_more_bg_color=&#8221;gcid-primary-color&#8221; view_more_border_width=&#8221;0px&#8221; view_more_border_radius=&#8221;100px&#8221; view_more_font=&#8221;&#8211;et_global_body_font|600|||||||&#8221; view_more_icon=&#8221;5||divi||400&#8243; border_radii_event_border=&#8221;on|6px|6px|6px|6px&#8221; border_color_all_details_border=&#8221;RGBA(255,255,255,0)&#8221; box_shadow_style_event_box_shadow=&#8221;preset1&#8243; global_colors_info=&#8221;{%22gcid-primary-color%22:%91%22view_more_bg_color%22,%22details_icon_color%22%93}&#8221;][\/decm_event_display][\/et_pb_column][\/et_pb_row][\/et_pb_section][et_pb_section fb_built=&#8221;1&#8243; disabled_on=&#8221;on|on|on&#8221; admin_label=&#8221;Th\u00e9\u00e2tre&#8221; _builder_version=&#8221;4.27.4&#8243; _module_preset=&#8221;_initial&#8221; disabled=&#8221;on&#8221; locked=&#8221;off&#8221; collapsed=&#8221;on&#8221; global_colors_info=&#8221;{%22gcid-36fd78a7-34bc-404d-873c-dafa34efaae5%22:%91%22colorStart%22%93}&#8221;][et_pb_row _builder_version=&#8221;4.18.0&#8243; _module_preset=&#8221;5138c454-be54-4233-bd3b-f8e6a8747976&#8243; global_colors_info=&#8221;{}&#8221;][et_pb_column type=&#8221;4_4&#8243; _builder_version=&#8221;4.16&#8243; _module_preset=&#8221;73121f80-a3ef-4484-8763-c3f18e3c56d2&#8243; global_colors_info=&#8221;{}&#8221;][et_pb_heading title=&#8221;Toneelstukken&#8221; _builder_version=&#8221;4.24.3&#8243; _module_preset=&#8221;c33f07d9-41e0-421a-8799-5799df695cce&#8221; title_text_align=&#8221;center&#8221; locked=&#8221;off&#8221; global_colors_info=&#8221;{}&#8221;][\/et_pb_heading][\/et_pb_column][\/et_pb_row][et_pb_row column_structure=&#8221;1_4,3_4&#8243; _builder_version=&#8221;4.27.3&#8243; _module_preset=&#8221;default&#8221; global_colors_info=&#8221;{}&#8221;][et_pb_column type=&#8221;1_4&#8243; _builder_version=&#8221;4.27.3&#8243; _module_preset=&#8221;default&#8221; global_colors_info=&#8221;{}&#8221;][et_pb_image src=&#8221;https:\/\/www.alliancerotterdam.nl\/wp-content\/uploads\/sites\/4\/2024\/11\/Screenshot-2024-11-24-at-17.17.07.png&#8221; title_text=&#8221;Toneelstukken&#8221; _builder_version=&#8221;4.27.3&#8243; _module_preset=&#8221;default&#8221; global_colors_info=&#8221;{}&#8221;][\/et_pb_image][\/et_pb_column][et_pb_column type=&#8221;3_4&#8243; _builder_version=&#8221;4.27.3&#8243; _module_preset=&#8221;default&#8221; global_colors_info=&#8221;{}&#8221;][et_pb_text _builder_version=&#8221;4.27.3&#8243; _module_preset=&#8221;default&#8221; global_colors_info=&#8221;{}&#8221;]<\/p>\n<p>Hoe kunnen we communiceren met de persoon voor ons? Hoe optimaliseer je de communicatie en cre\u00eber je een link? Dit is wat we op natuurlijke wijze leren in het theater.<\/p>\n<p>[\/et_pb_text][et_pb_button button_url=&#8221;@ET-DC@eyJkeW5hbWljIjp0cnVlLCJjb250ZW50IjoicG9zdF9saW5rX3VybF9wcm9kdWN0Iiwic2V0dGluZ3MiOnsicG9zdF9pZCI6IjE5MzA4IiwiZW5hYmxlX2h0bWwiOiJvZmYifX0=@&#8221; button_text=&#8221;Voor meer informatie&#8221; _builder_version=&#8221;4.27.3&#8243; _dynamic_attributes=&#8221;button_url&#8221; _module_preset=&#8221;1bffc0fc-42a0-49d1-bd9a-ae3ade2d7206&#8243; locked=&#8221;off&#8221; global_colors_info=&#8221;{%22gcid-36fd78a7-34bc-404d-873c-dafa34efaae5%22:%91%22button_text_color%22%93}&#8221;][\/et_pb_button][\/et_pb_column][\/et_pb_row][\/et_pb_section][et_pb_section fb_built=&#8221;1&#8243; custom_padding_last_edited=&#8221;on|phone&#8221; admin_label=&#8221;Membre&#8221; _builder_version=&#8221;4.27.4&#8243; _module_preset=&#8221;default&#8221; use_background_color_gradient=&#8221;on&#8221; background_color_gradient_stops=&#8221;#ffffff 60%|gcid-primary-color 60%&#8221; display_conditions=&#8221;W10=&#8221; custom_margin=&#8221;|0px||0px|false|true&#8221; custom_padding=&#8221;||0px||false|true&#8221; custom_padding_tablet=&#8221;||0px||false|true&#8221; custom_padding_phone=&#8221;|0px||0px|false|true&#8221; global_module=&#8221;20309&#8243; locked=&#8221;off&#8221; collapsed=&#8221;off&#8221; global_colors_info=&#8221;{%22gcid-primary-color%22:%91%22background_color_gradient_stops%22%93}&#8221;][et_pb_row _builder_version=&#8221;4.18.0&#8243; _module_preset=&#8221;5138c454-be54-4233-bd3b-f8e6a8747976&#8243; global_colors_info=&#8221;{}&#8221;][et_pb_column type=&#8221;4_4&#8243; _builder_version=&#8221;4.17.6&#8243; _module_preset=&#8221;73121f80-a3ef-4484-8763-c3f18e3c56d2&#8243; global_colors_info=&#8221;{}&#8221;][et_pb_cta title=&#8221;Word lid voor nog meer voordeel!&#8221; button_url=&#8221;@ET-DC@eyJkeW5hbWljIjp0cnVlLCJjb250ZW50IjoicG9zdF9saW5rX3VybF9wcm9kdWN0Iiwic2V0dGluZ3MiOnsicG9zdF9pZCI6IjE5NzE5IiwiZW5hYmxlX2h0bWwiOiJvZmYifX0=@&#8221; button_text=&#8221;Lid worden&#8221; _builder_version=&#8221;4.27.4&#8243; _dynamic_attributes=&#8221;button_url&#8221; _module_preset=&#8221;be0cc754-576a-4b1c-868d-f6226f85de4d&#8221; header_text_align=&#8221;left&#8221; body_text_align=&#8221;left&#8221; button_alignment=&#8221;left&#8221; display_conditions=&#8221;W3siaWQiOiI2ZTFlYzBlZC0wNDA4LTQ2MGEtOTk1OS01YzJmNjQwZmE2MzAiLCJjb25kaXRpb24iOiJwb3N0VHlwZSIsImNvbmRpdGlvblNldHRpbmdzIjp7ImRpc3BsYXlSdWxlIjoiaXNOb3QiLCJwb3N0VHlwZXMiOlt7ImxhYmVsIjoiUHJvZHVpdHMiLCJ2YWx1ZSI6InByb2R1Y3QifV0sImFkbWluTGFiZWwiOiJQb3N0IFR5cGUiLCJlbmFibGVDb25kaXRpb24iOiJvbiJ9LCJvcGVyYXRvciI6Ik9SIn1d&#8221; custom_margin=&#8221;|0px||0px|false|true&#8221; custom_padding=&#8221;||||false|true&#8221; locked=&#8221;off&#8221; global_colors_info=&#8221;{%22gcid-828accbb-1ed2-407d-95be-20ab4e191566%22:%91%22border_color_all%22,%22border_color_all%22%93,%22gcid-heading-color%22:%91%22header_text_color%22,%22header_text_color%22%93,%22gcid-body-color%22:%91%22body_text_color%22,%22body_text_color%22%93,%22gcid-f2943306-fa6c-45f0-b632-5fc00151366a%22:%91%22button_text_color%22,%22button_text_color%22,%22button_text_color%22,%22button_text_color%22%93,%22gcid-36fd78a7-34bc-404d-873c-dafa34efaae5%22:%91%22button_text_color%22,%22button_text_color%22,%22button_text_color%22,%22button_text_color%22,%22button_text_color%22,%22button_text_color%22%93}&#8221; text_font_size_tablet=&#8221;16px&#8221; text_font_size_phone=&#8221;14px&#8221; text_font_size_last_edited=&#8221;on|phone&#8221;]<\/p>\n<p><strong>Als lid van de Alliance Fran\u00e7aise profiteert u van de volgende voordelen:<br \/><\/strong><\/p>\n<p><\/p>\n<ul>\n<li>Toegang tot onze Franse bibliotheek met honderden Franse romans, stripboeken en jeugdboeken;<\/li>\n<li>Toegang tot het platform <a href=\"https:\/\/www.alliancerotterdam.nl\/nl\/bibliotheek\/culturetheque\/\">Cultureth\u00e8que ;<\/a><\/li>\n<li>Korting op onze culturele evenementen;<\/li>\n<li>Korting op bioscoopkaartjes bij <a href=\"https:\/\/www.lantarenvenster.nl\/\">LantarenVenster;<\/a><\/li>\n<li>Voor onze abonnees biedt <a href=\"https:\/\/mkaofficial.com\/\">MKA Muziekschool<\/a> 20% korting op hun cursusaanbod.<\/li>\n<li>\n<div><span lang=\"FR\">Breid uw Franstalige netwerk in Rotterdam uit.<\/span><\/div>\n<\/li>\n<\/ul>\n<p>[\/et_pb_cta][et_pb_contact_form captcha=&#8221;off&#8221; email=&#8221;bonjour@alliancerotterdam.nl&#8221; title=&#8221;Neem contact met ons op&#8221; _builder_version=&#8221;4.27.4&#8243; _module_preset=&#8221;default&#8221; _unique_id=&#8221;a4777639-c576-4404-a17c-01a433f0bcf0&#8243; title_level=&#8221;h3&#8243; title_text_align=&#8221;left&#8221; title_font_size=&#8221;32px&#8221; width=&#8221;100%&#8221; display_conditions=&#8221;W3siaWQiOiI2ZGNmMGFiYy1iYjQ2LTRlYTgtOTM5NC05ZDViNDkxNTIzZmUiLCJjb25kaXRpb24iOiJwb3N0VHlwZSIsImNvbmRpdGlvblNldHRpbmdzIjp7ImRpc3BsYXlSdWxlIjoiaXMiLCJwb3N0VHlwZXMiOlt7ImxhYmVsIjoiUHJvZHVpdHMiLCJ2YWx1ZSI6InByb2R1Y3QifV0sImFkbWluTGFiZWwiOiJQb3N0IFR5cGUiLCJlbmFibGVDb25kaXRpb24iOiJvbiJ9LCJvcGVyYXRvciI6Ik9SIn1d&#8221; custom_margin=&#8221;30px||||false|false&#8221; title_font_size_tablet=&#8221;32px&#8221; title_font_size_phone=&#8221;24px&#8221; title_font_size_last_edited=&#8221;on|phone&#8221; custom_css_free_form=&#8221;selector {||  background-color: white;||  border-radius: 6px;||  border-width: 2px;||  border-style: solid;||  border-color: rgba(0, 0, 0, 0.08);||  margin-top: 30px;||  padding: 30px;||\toverflow: hidden;||}&#8221; locked=&#8221;off&#8221; global_colors_info=&#8221;{%22gcid-828accbb-1ed2-407d-95be-20ab4e191566%22:%91%22border_color_all%22,%22border_color_all%22%93,%22gcid-heading-color%22:%91%22header_text_color%22,%22header_text_color%22%93,%22gcid-body-color%22:%91%22body_text_color%22,%22body_text_color%22%93,%22gcid-f2943306-fa6c-45f0-b632-5fc00151366a%22:%91%22button_text_color%22,%22button_text_color%22,%22button_text_color%22,%22button_text_color%22%93,%22gcid-36fd78a7-34bc-404d-873c-dafa34efaae5%22:%91%22button_text_color%22,%22button_text_color%22,%22button_text_color%22,%22button_text_color%22,%22button_text_color%22,%22button_text_color%22%93}&#8221;][et_pb_contact_field field_id=&#8221;Name&#8221; field_title=&#8221;Naam&#8221; fullwidth_field=&#8221;on&#8221; _builder_version=&#8221;4.27.4&#8243; global_colors_info=&#8221;{}&#8221; button_text_size__hover_enabled=&#8221;off&#8221; button_one_text_size__hover_enabled=&#8221;off&#8221; button_two_text_size__hover_enabled=&#8221;off&#8221; button_text_color__hover_enabled=&#8221;off&#8221; button_one_text_color__hover_enabled=&#8221;off&#8221; button_two_text_color__hover_enabled=&#8221;off&#8221; button_border_width__hover_enabled=&#8221;off&#8221; button_one_border_width__hover_enabled=&#8221;off&#8221; button_two_border_width__hover_enabled=&#8221;off&#8221; button_border_color__hover_enabled=&#8221;off&#8221; button_one_border_color__hover_enabled=&#8221;off&#8221; button_two_border_color__hover_enabled=&#8221;off&#8221; button_border_radius__hover_enabled=&#8221;off&#8221; button_one_border_radius__hover_enabled=&#8221;off&#8221; button_two_border_radius__hover_enabled=&#8221;off&#8221; button_letter_spacing__hover_enabled=&#8221;off&#8221; button_one_letter_spacing__hover_enabled=&#8221;off&#8221; button_two_letter_spacing__hover_enabled=&#8221;off&#8221; button_bg_color__hover_enabled=&#8221;off&#8221; button_one_bg_color__hover_enabled=&#8221;off&#8221; button_two_bg_color__hover_enabled=&#8221;off&#8221;][\/et_pb_contact_field][et_pb_contact_field field_id=&#8221;Email&#8221; field_title=&#8221;E-mailadres&#8221; field_type=&#8221;email&#8221; fullwidth_field=&#8221;on&#8221; _builder_version=&#8221;4.27.4&#8243; global_colors_info=&#8221;{}&#8221; button_text_size__hover_enabled=&#8221;off&#8221; button_one_text_size__hover_enabled=&#8221;off&#8221; button_two_text_size__hover_enabled=&#8221;off&#8221; button_text_color__hover_enabled=&#8221;off&#8221; button_one_text_color__hover_enabled=&#8221;off&#8221; button_two_text_color__hover_enabled=&#8221;off&#8221; button_border_width__hover_enabled=&#8221;off&#8221; button_one_border_width__hover_enabled=&#8221;off&#8221; button_two_border_width__hover_enabled=&#8221;off&#8221; button_border_color__hover_enabled=&#8221;off&#8221; button_one_border_color__hover_enabled=&#8221;off&#8221; button_two_border_color__hover_enabled=&#8221;off&#8221; button_border_radius__hover_enabled=&#8221;off&#8221; button_one_border_radius__hover_enabled=&#8221;off&#8221; button_two_border_radius__hover_enabled=&#8221;off&#8221; button_letter_spacing__hover_enabled=&#8221;off&#8221; button_one_letter_spacing__hover_enabled=&#8221;off&#8221; button_two_letter_spacing__hover_enabled=&#8221;off&#8221; button_bg_color__hover_enabled=&#8221;off&#8221; button_one_bg_color__hover_enabled=&#8221;off&#8221; button_two_bg_color__hover_enabled=&#8221;off&#8221;][\/et_pb_contact_field][et_pb_contact_field field_id=&#8221;Message&#8221; field_title=&#8221;Bericht&#8221; field_type=&#8221;text&#8221; fullwidth_field=&#8221;on&#8221; _builder_version=&#8221;4.16&#8243; global_colors_info=&#8221;{}&#8221; button_text_size__hover_enabled=&#8221;off&#8221; button_one_text_size__hover_enabled=&#8221;off&#8221; button_two_text_size__hover_enabled=&#8221;off&#8221; button_text_color__hover_enabled=&#8221;off&#8221; button_one_text_color__hover_enabled=&#8221;off&#8221; button_two_text_color__hover_enabled=&#8221;off&#8221; button_border_width__hover_enabled=&#8221;off&#8221; button_one_border_width__hover_enabled=&#8221;off&#8221; button_two_border_width__hover_enabled=&#8221;off&#8221; button_border_color__hover_enabled=&#8221;off&#8221; button_one_border_color__hover_enabled=&#8221;off&#8221; button_two_border_color__hover_enabled=&#8221;off&#8221; button_border_radius__hover_enabled=&#8221;off&#8221; button_one_border_radius__hover_enabled=&#8221;off&#8221; button_two_border_radius__hover_enabled=&#8221;off&#8221; button_letter_spacing__hover_enabled=&#8221;off&#8221; button_one_letter_spacing__hover_enabled=&#8221;off&#8221; button_two_letter_spacing__hover_enabled=&#8221;off&#8221; button_bg_color__hover_enabled=&#8221;off&#8221; button_one_bg_color__hover_enabled=&#8221;off&#8221; button_two_bg_color__hover_enabled=&#8221;off&#8221;][\/et_pb_contact_field][\/et_pb_contact_form][\/et_pb_column][\/et_pb_row][\/et_pb_section]<\/p>\n","protected":false},"excerpt":{"rendered":"<p>Kom en ontmoet de Franstaligen van Rotterdam en oefen je Frans door deel te nemen aan onze culturele evenementen.<div class=\"et_pb_module decm_event_display decm_event_display_0 et_pb_bg_layout_ \">\n\t\t\t\t\n\t\t\t\t\n\t\t\t\t\n\t\t\t\t\n\t\t\t\t\n\t\t\t\t\n\t\t\t\t<div class=\"et_pb_module_inner\">\n\t\t\t\t\t\r\n\t\t\t\t<style><\/style><div class=\" \">\r\n\t\t\t\t\t\r\n\t\t\t\t\t\r\n\t\t\t\t\t<div class= \"\">\r\n\t\t\t\t\t\t<div class=\"append_events row_equal row ecs-event-list event-display_style leftimage_rightdetail\"><div class=\" col-lg-4 col-sm-12 col-xs-12   ecs-event ecs-event-posts clearfix\" ><article id=\"event_article_36064\" class=\"act-post et_pb_with_border \" style=\"background:;\"  ><div class=\"row \"  > <div  class=\"decm-show-image-left  col-md-12\"><a class=\" dec-image-overlay-url\"  href=\"http:\/\/www.alliancerotterdam.nl\/nl\/evennement\/opening-van-de-tentoonstelling-corpsgraphie-van-k-lam\/\" target=\"_self\"><img width=\"640\" height=\"800\" src=\"https:\/\/www.alliancerotterdam.nl\/wp-content\/uploads\/sites\/4\/2026\/03\/Publi-expo.avif\" class=\"attachment-800x800x ecs_event_feed_image size-800x800x ecs_event_feed_image wp-post-image\" alt=\"\" decoding=\"async\" loading=\"lazy\" srcset=\"https:\/\/www.alliancerotterdam.nl\/wp-content\/uploads\/sites\/4\/2026\/03\/Publi-expo.avif 1080w, https:\/\/www.alliancerotterdam.nl\/wp-content\/uploads\/sites\/4\/2026\/03\/Publi-expo-240x300.avif 240w, https:\/\/www.alliancerotterdam.nl\/wp-content\/uploads\/sites\/4\/2026\/03\/Publi-expo-819x1024.avif 819w, https:\/\/www.alliancerotterdam.nl\/wp-content\/uploads\/sites\/4\/2026\/03\/Publi-expo-768x960.avif 768w, https:\/\/www.alliancerotterdam.nl\/wp-content\/uploads\/sites\/4\/2026\/03\/Publi-expo-980x1225.avif 980w, https:\/\/www.alliancerotterdam.nl\/wp-content\/uploads\/sites\/4\/2026\/03\/Publi-expo-480x600.avif 480w, https:\/\/www.alliancerotterdam.nl\/wp-content\/uploads\/sites\/4\/2026\/03\/Publi-expo-600x750.avif 600w\" sizes=\"(max-width: 640px) 100vw, 640px\" \/><div class=\"callout-box-grid\"><div class=\"callout_date\">22<\/div> <div class=\"callout_month\">april<\/div>    <\/div><span class=\"dec_image_overlay dec_overlay_inline_icon\" data-icon=\"\" data-icon-tablet=\"\" data-icon-phone=\"\"><\/span><\/a><\/div ><div  class=\"col-md-12\"><div class=\"decm-events-details\"><h2 class=\"entry-title title1 summary\"><a class=\"\" href=\"http:\/\/www.alliancerotterdam.nl\/nl\/evennement\/opening-van-de-tentoonstelling-corpsgraphie-van-k-lam\/\" rel=\"bookmark\" target=\"_self\">Opening van de tentoonstelling &#8220;Corps&amp;Graphie\u201c van K-L\u00e2m<\/a><\/h2><h2 class=\"entry-title title2 summary\"><a class=\"\" href=\"http:\/\/www.alliancerotterdam.nl\/nl\/evennement\/opening-van-de-tentoonstelling-corpsgraphie-van-k-lam\/\" rel=\"bookmark\" target=\"_self\">Opening van de tentoonstelling \"Corps&amp;Graphie\u201c van K-L\u00e2m<\/a><\/h2><div class=\"decm-show-detail-center\"><span class=\" decm-show-data-display-block ecs-eventDate duration time  eventDate-ecs-icon\"><span class=ecs-detail-label>Datum <\/span><span class=\"decm_date\">&#8221;22  -  &#8221;28<\/span><\/span><span class=\" decm-show-data-display-block ecs-eventTime duration time eventTime-ecs-icon\"><span class=ecs-detail-label>Tijd <\/span><span class=\"decm_time\">18:00<\/span><\/span><\/div><p class=\"ecs-showdetail et_pb_button_wrapper mb-2\" ><a class=\"act-view-more et_pb_button \" href=\"http:\/\/www.alliancerotterdam.nl\/nl\/evennement\/opening-van-de-tentoonstelling-corpsgraphie-van-k-lam\/\" rel=\"bookmark\" target=\"_self\" data-icon=\"\" data-icon-tablet=\"\" data-icon-phone=\"\">Meer informatie<\/a><\/p><\/div><\/div><\/div><\/article><\/div><div class=\" col-lg-4 col-sm-12 col-xs-12   ecs-event ecs-event-posts clearfix\" ><article id=\"event_article_34470\" class=\"act-post et_pb_with_border \" style=\"background:;\"  ><div class=\"row \"  > <div  class=\"decm-show-image-left  col-md-12\"><a class=\" dec-image-overlay-url\"  href=\"http:\/\/www.alliancerotterdam.nl\/nl\/evennement\/theatre-en-francais-atelier-8\/\" target=\"_self\"><img width=\"640\" height=\"800\" src=\"https:\/\/www.alliancerotterdam.nl\/wp-content\/uploads\/sites\/4\/2025\/12\/Post-theatre.avif\" class=\"attachment-800x800x ecs_event_feed_image size-800x800x ecs_event_feed_image wp-post-image\" alt=\"\" decoding=\"async\" loading=\"lazy\" srcset=\"https:\/\/www.alliancerotterdam.nl\/wp-content\/uploads\/sites\/4\/2025\/12\/Post-theatre.avif 1080w, https:\/\/www.alliancerotterdam.nl\/wp-content\/uploads\/sites\/4\/2025\/12\/Post-theatre-240x300.avif 240w, https:\/\/www.alliancerotterdam.nl\/wp-content\/uploads\/sites\/4\/2025\/12\/Post-theatre-819x1024.avif 819w, https:\/\/www.alliancerotterdam.nl\/wp-content\/uploads\/sites\/4\/2025\/12\/Post-theatre-768x960.avif 768w, https:\/\/www.alliancerotterdam.nl\/wp-content\/uploads\/sites\/4\/2025\/12\/Post-theatre-980x1225.avif 980w, https:\/\/www.alliancerotterdam.nl\/wp-content\/uploads\/sites\/4\/2025\/12\/Post-theatre-480x600.avif 480w, https:\/\/www.alliancerotterdam.nl\/wp-content\/uploads\/sites\/4\/2025\/12\/Post-theatre-600x750.avif 600w\" sizes=\"(max-width: 640px) 100vw, 640px\" \/><div class=\"callout-box-grid\"><div class=\"callout_date\">04<\/div> <div class=\"callout_month\">mei<\/div>    <\/div><span class=\"dec_image_overlay dec_overlay_inline_icon\" data-icon=\"\" data-icon-tablet=\"\" data-icon-phone=\"\"><\/span><\/a><\/div ><div  class=\"col-md-12\"><div class=\"decm-events-details\"><h2 class=\"entry-title title1 summary\"><a class=\"\" href=\"http:\/\/www.alliancerotterdam.nl\/nl\/evennement\/theatre-en-francais-atelier-8\/\" rel=\"bookmark\" target=\"_self\">Th\u00e9\u00e2tre en fran\u00e7ais &#8211; Atelier 8<\/a><\/h2><h2 class=\"entry-title title2 summary\"><a class=\"\" href=\"http:\/\/www.alliancerotterdam.nl\/nl\/evennement\/theatre-en-francais-atelier-8\/\" rel=\"bookmark\" target=\"_self\">Th\u00e9\u00e2tre en fran\u00e7ais - Atelier 8<\/a><\/h2><div class=\"decm-show-detail-center\"><span class=\" decm-show-data-display-block ecs-eventDate duration time eventDate-ecs-icon\"><span class=ecs-detail-label>Datum <\/span><span class=\"decm_date\">&#8221;4<\/span><\/span><span class=\" decm-show-data-display-block ecs-eventTime duration time eventTime-ecs-icon\"><span class=ecs-detail-label>Tijd <\/span><span class=\"decm_date 87\">18:45<\/span><\/span><\/div><p class=\"ecs-showdetail et_pb_button_wrapper mb-2\" ><a class=\"act-view-more et_pb_button \" href=\"http:\/\/www.alliancerotterdam.nl\/nl\/evennement\/theatre-en-francais-atelier-8\/\" rel=\"bookmark\" target=\"_self\" data-icon=\"\" data-icon-tablet=\"\" data-icon-phone=\"\">Meer informatie<\/a><\/p><\/div><\/div><\/div><\/article><\/div><div class=\" col-lg-4 col-sm-12 col-xs-12   ecs-event ecs-event-posts clearfix\" ><article id=\"event_article_34611\" class=\"act-post et_pb_with_border \" style=\"background:;\"  ><div class=\"row \"  > <div  class=\"decm-show-image-left  col-md-12\"><a class=\" dec-image-overlay-url\"  href=\"http:\/\/www.alliancerotterdam.nl\/nl\/evennement\/cafe-de-lactu-6-mai\/\" target=\"_self\"><img width=\"640\" height=\"800\" src=\"https:\/\/www.alliancerotterdam.nl\/wp-content\/uploads\/sites\/4\/2025\/04\/Cafe-actu.avif\" class=\"attachment-800x800x ecs_event_feed_image size-800x800x ecs_event_feed_image wp-post-image\" alt=\"\" decoding=\"async\" loading=\"lazy\" srcset=\"https:\/\/www.alliancerotterdam.nl\/wp-content\/uploads\/sites\/4\/2025\/04\/Cafe-actu.avif 1080w, https:\/\/www.alliancerotterdam.nl\/wp-content\/uploads\/sites\/4\/2025\/04\/Cafe-actu-240x300.avif 240w, https:\/\/www.alliancerotterdam.nl\/wp-content\/uploads\/sites\/4\/2025\/04\/Cafe-actu-819x1024.avif 819w, https:\/\/www.alliancerotterdam.nl\/wp-content\/uploads\/sites\/4\/2025\/04\/Cafe-actu-768x960.avif 768w, https:\/\/www.alliancerotterdam.nl\/wp-content\/uploads\/sites\/4\/2025\/04\/Cafe-actu-980x1225.avif 980w, https:\/\/www.alliancerotterdam.nl\/wp-content\/uploads\/sites\/4\/2025\/04\/Cafe-actu-480x600.avif 480w, https:\/\/www.alliancerotterdam.nl\/wp-content\/uploads\/sites\/4\/2025\/04\/Cafe-actu-600x750.avif 600w\" sizes=\"(max-width: 640px) 100vw, 640px\" \/><div class=\"callout-box-grid\"><div class=\"callout_date\">06<\/div> <div class=\"callout_month\">mei<\/div>    <\/div><span class=\"dec_image_overlay dec_overlay_inline_icon\" data-icon=\"\" data-icon-tablet=\"\" data-icon-phone=\"\"><\/span><\/a><\/div ><div  class=\"col-md-12\"><div class=\"decm-events-details\"><h2 class=\"entry-title title1 summary\"><a class=\"\" href=\"http:\/\/www.alliancerotterdam.nl\/nl\/evennement\/cafe-de-lactu-6-mai\/\" rel=\"bookmark\" target=\"_self\">Caf\u00e9 de l&#8217;actu &#8211; 6 mai<\/a><\/h2><h2 class=\"entry-title title2 summary\"><a class=\"\" href=\"http:\/\/www.alliancerotterdam.nl\/nl\/evennement\/cafe-de-lactu-6-mai\/\" rel=\"bookmark\" target=\"_self\">Caf\u00e9 de l'actu - 6 mai<\/a><\/h2><div class=\"decm-show-detail-center\"><span class=\" decm-show-data-display-block ecs-eventDate duration time eventDate-ecs-icon\"><span class=ecs-detail-label>Datum <\/span><span class=\"decm_date\">&#8221;6<\/span><\/span><span class=\" decm-show-data-display-block ecs-eventTime duration time eventTime-ecs-icon\"><span class=ecs-detail-label>Tijd <\/span><span class=\"decm_date 87\">10:00<\/span><\/span><\/div><p class=\"ecs-showdetail et_pb_button_wrapper mb-2\" ><a class=\"act-view-more et_pb_button \" href=\"http:\/\/www.alliancerotterdam.nl\/nl\/evennement\/cafe-de-lactu-6-mai\/\" rel=\"bookmark\" target=\"_self\" data-icon=\"\" data-icon-tablet=\"\" data-icon-phone=\"\">Meer informatie<\/a><\/p><\/div><\/div><\/div><\/article><\/div><div class=\" col-lg-4 col-sm-12 col-xs-12   ecs-event ecs-event-posts clearfix\" ><article id=\"event_article_35598\" class=\"act-post et_pb_with_border \" style=\"background:;\"  ><div class=\"row \"  > <div  class=\"decm-show-image-left  col-md-12\"><a class=\" dec-image-overlay-url\"  href=\"http:\/\/www.alliancerotterdam.nl\/nl\/evennement\/cine-club-la-boum\/\" target=\"_self\"><img width=\"640\" height=\"800\" src=\"https:\/\/www.alliancerotterdam.nl\/wp-content\/uploads\/sites\/4\/2026\/03\/14-1.avif\" class=\"attachment-800x800x ecs_event_feed_image size-800x800x ecs_event_feed_image wp-post-image\" alt=\"\" decoding=\"async\" loading=\"lazy\" \/><div class=\"callout-box-grid\"><div class=\"callout_date\">06<\/div> <div class=\"callout_month\">mei<\/div>    <\/div><span class=\"dec_image_overlay dec_overlay_inline_icon\" data-icon=\"\" data-icon-tablet=\"\" data-icon-phone=\"\"><\/span><\/a><\/div ><div  class=\"col-md-12\"><div class=\"decm-events-details\"><h2 class=\"entry-title title1 summary\"><a class=\"\" href=\"http:\/\/www.alliancerotterdam.nl\/nl\/evennement\/cine-club-la-boum\/\" rel=\"bookmark\" target=\"_self\">Cin\u00e9-club : La Boum<\/a><\/h2><h2 class=\"entry-title title2 summary\"><a class=\"\" href=\"http:\/\/www.alliancerotterdam.nl\/nl\/evennement\/cine-club-la-boum\/\" rel=\"bookmark\" target=\"_self\">Cin\u00e9-club : La Boum<\/a><\/h2><div class=\"decm-show-detail-center\"><span class=\" decm-show-data-display-block ecs-eventDate duration time eventDate-ecs-icon\"><span class=ecs-detail-label>Datum <\/span><span class=\"decm_date\">&#8221;6<\/span><\/span><span class=\" decm-show-data-display-block ecs-eventTime duration time eventTime-ecs-icon\"><span class=ecs-detail-label>Tijd <\/span><span class=\"decm_date 87\">18:30<\/span><\/span><\/div><p class=\" decm-show-data-display-block  ecs-excerpt\">Vic, une adolescente, vit \u00e0 Paris avec ses parents. Quand elle d\u00e9couvre ses premi\u00e8res \u00e9motions amoureuses, elle se confie \u00e0 son arri\u00e8re-grand-m\u00e8re Poupette. Cette vieille dame dynamique est ouverte d'esprit. Vic lui raconte ses joies et ses premi\u00e8res exp\u00e9rience...<\/p><p class=\"ecs-showdetail et_pb_button_wrapper mb-2\" ><a class=\"act-view-more et_pb_button \" href=\"http:\/\/www.alliancerotterdam.nl\/nl\/evennement\/cine-club-la-boum\/\" rel=\"bookmark\" target=\"_self\" data-icon=\"\" data-icon-tablet=\"\" data-icon-phone=\"\">Meer informatie<\/a><\/p><\/div><\/div><\/div><\/article><\/div><div class=\" col-lg-4 col-sm-12 col-xs-12   ecs-event ecs-event-posts clearfix\" ><article id=\"event_article_34473\" class=\"act-post et_pb_with_border \" style=\"background:;\"  ><div class=\"row \"  > <div  class=\"decm-show-image-left  col-md-12\"><a class=\" dec-image-overlay-url\"  href=\"http:\/\/www.alliancerotterdam.nl\/nl\/evennement\/theatre-en-francais-atelier-9\/\" target=\"_self\"><img width=\"640\" height=\"800\" src=\"https:\/\/www.alliancerotterdam.nl\/wp-content\/uploads\/sites\/4\/2025\/12\/Post-theatre.avif\" class=\"attachment-800x800x ecs_event_feed_image size-800x800x ecs_event_feed_image wp-post-image\" alt=\"\" decoding=\"async\" loading=\"lazy\" srcset=\"https:\/\/www.alliancerotterdam.nl\/wp-content\/uploads\/sites\/4\/2025\/12\/Post-theatre.avif 1080w, https:\/\/www.alliancerotterdam.nl\/wp-content\/uploads\/sites\/4\/2025\/12\/Post-theatre-240x300.avif 240w, https:\/\/www.alliancerotterdam.nl\/wp-content\/uploads\/sites\/4\/2025\/12\/Post-theatre-819x1024.avif 819w, https:\/\/www.alliancerotterdam.nl\/wp-content\/uploads\/sites\/4\/2025\/12\/Post-theatre-768x960.avif 768w, https:\/\/www.alliancerotterdam.nl\/wp-content\/uploads\/sites\/4\/2025\/12\/Post-theatre-980x1225.avif 980w, https:\/\/www.alliancerotterdam.nl\/wp-content\/uploads\/sites\/4\/2025\/12\/Post-theatre-480x600.avif 480w, https:\/\/www.alliancerotterdam.nl\/wp-content\/uploads\/sites\/4\/2025\/12\/Post-theatre-600x750.avif 600w\" sizes=\"(max-width: 640px) 100vw, 640px\" \/><div class=\"callout-box-grid\"><div class=\"callout_date\">18<\/div> <div class=\"callout_month\">mei<\/div>    <\/div><span class=\"dec_image_overlay dec_overlay_inline_icon\" data-icon=\"\" data-icon-tablet=\"\" data-icon-phone=\"\"><\/span><\/a><\/div ><div  class=\"col-md-12\"><div class=\"decm-events-details\"><h2 class=\"entry-title title1 summary\"><a class=\"\" href=\"http:\/\/www.alliancerotterdam.nl\/nl\/evennement\/theatre-en-francais-atelier-9\/\" rel=\"bookmark\" target=\"_self\">Th\u00e9\u00e2tre en fran\u00e7ais &#8211; Atelier 9<\/a><\/h2><h2 class=\"entry-title title2 summary\"><a class=\"\" href=\"http:\/\/www.alliancerotterdam.nl\/nl\/evennement\/theatre-en-francais-atelier-9\/\" rel=\"bookmark\" target=\"_self\">Th\u00e9\u00e2tre en fran\u00e7ais - Atelier 9<\/a><\/h2><div class=\"decm-show-detail-center\"><span class=\" decm-show-data-display-block ecs-eventDate duration time eventDate-ecs-icon\"><span class=ecs-detail-label>Datum <\/span><span class=\"decm_date\">&#8221;18<\/span><\/span><span class=\" decm-show-data-display-block ecs-eventTime duration time eventTime-ecs-icon\"><span class=ecs-detail-label>Tijd <\/span><span class=\"decm_date 87\">18:45<\/span><\/span><\/div><p class=\"ecs-showdetail et_pb_button_wrapper mb-2\" ><a class=\"act-view-more et_pb_button \" href=\"http:\/\/www.alliancerotterdam.nl\/nl\/evennement\/theatre-en-francais-atelier-9\/\" rel=\"bookmark\" target=\"_self\" data-icon=\"\" data-icon-tablet=\"\" data-icon-phone=\"\">Meer informatie<\/a><\/p><\/div><\/div><\/div><\/article><\/div><div class=\" col-lg-4 col-sm-12 col-xs-12   ecs-event ecs-event-posts clearfix\" ><article id=\"event_article_36375\" class=\"act-post et_pb_with_border \" style=\"background:;\"  ><div class=\"row \"  > <div  class=\"decm-show-image-left  col-md-12\"><a class=\" dec-image-overlay-url\"  href=\"http:\/\/www.alliancerotterdam.nl\/nl\/evennement\/apero-cannes-you-speak-french\/\" target=\"_self\"><img width=\"640\" height=\"800\" src=\"https:\/\/www.alliancerotterdam.nl\/wp-content\/uploads\/sites\/4\/2026\/04\/Publi.avif\" class=\"attachment-800x800x ecs_event_feed_image size-800x800x ecs_event_feed_image wp-post-image\" alt=\"\" decoding=\"async\" loading=\"lazy\" srcset=\"https:\/\/www.alliancerotterdam.nl\/wp-content\/uploads\/sites\/4\/2026\/04\/Publi.avif 1080w, https:\/\/www.alliancerotterdam.nl\/wp-content\/uploads\/sites\/4\/2026\/04\/Publi-240x300.avif 240w, https:\/\/www.alliancerotterdam.nl\/wp-content\/uploads\/sites\/4\/2026\/04\/Publi-819x1024.avif 819w, https:\/\/www.alliancerotterdam.nl\/wp-content\/uploads\/sites\/4\/2026\/04\/Publi-768x960.avif 768w, https:\/\/www.alliancerotterdam.nl\/wp-content\/uploads\/sites\/4\/2026\/04\/Publi-980x1225.avif 980w, https:\/\/www.alliancerotterdam.nl\/wp-content\/uploads\/sites\/4\/2026\/04\/Publi-480x600.avif 480w, https:\/\/www.alliancerotterdam.nl\/wp-content\/uploads\/sites\/4\/2026\/04\/Publi-600x750.avif 600w\" sizes=\"(max-width: 640px) 100vw, 640px\" \/><div class=\"callout-box-grid\"><div class=\"callout_date\">19<\/div> <div class=\"callout_month\">mei<\/div>    <\/div><span class=\"dec_image_overlay dec_overlay_inline_icon\" data-icon=\"\" data-icon-tablet=\"\" data-icon-phone=\"\"><\/span><\/a><\/div ><div  class=\"col-md-12\"><div class=\"decm-events-details\"><h2 class=\"entry-title title1 summary\"><a class=\"\" href=\"http:\/\/www.alliancerotterdam.nl\/nl\/evennement\/apero-cannes-you-speak-french\/\" rel=\"bookmark\" target=\"_self\">Ap\u00e9ro &#8211; Cannes you speak French?<\/a><\/h2><h2 class=\"entry-title title2 summary\"><a class=\"\" href=\"http:\/\/www.alliancerotterdam.nl\/nl\/evennement\/apero-cannes-you-speak-french\/\" rel=\"bookmark\" target=\"_self\">Ap\u00e9ro - Cannes you speak French?<\/a><\/h2><div class=\"decm-show-detail-center\"><span class=\" decm-show-data-display-block ecs-eventDate duration time eventDate-ecs-icon\"><span class=ecs-detail-label>Datum <\/span><span class=\"decm_date\">&#8221;19<\/span><\/span><span class=\" decm-show-data-display-block ecs-eventTime duration time eventTime-ecs-icon\"><span class=ecs-detail-label>Tijd <\/span><span class=\"decm_date 87\">17:30<\/span><\/span><\/div><p class=\"ecs-showdetail et_pb_button_wrapper mb-2\" ><a class=\"act-view-more et_pb_button \" href=\"http:\/\/www.alliancerotterdam.nl\/nl\/evennement\/apero-cannes-you-speak-french\/\" rel=\"bookmark\" target=\"_self\" data-icon=\"\" data-icon-tablet=\"\" data-icon-phone=\"\">Meer informatie<\/a><\/p><\/div><\/div><\/div><\/article><\/div><\/div>\r\n\t\t<input type=\"hidden\" name=\"dec-eventfeed-future-past\" id=\"dec-eventfeed-future-past\" value=\"\">\r\n\t\t<input type=\"hidden\" name=\"eventfeed_prev_page\" id=\"eventfeed_prev_page\" value=\"0\">\r\n\t\t<input type=\"hidden\" name=\"eventfeed_current_page\" id=\"eventfeed_current_page\" value=\"1\">\r\n\t\t<input type=\"hidden\" name=\"eventfeed_page\" id=\"eventfeed_page\" value=\"load_more\">\r\n\t\t<input type=\"hidden\" name=\"eventfeed_current_pagination_page\" id=\"eventfeed_current_pagination_page\" value=\"1\">\r\n\t\t<input type=\"hidden\" name=\"module_css_feed\" id=\"module_css_feed\" value=\"\">\r\n\t\t<input type=\"hidden\" name=\"module-css-class\" id=\"module-css-class\" value=\"\" \/>\r\n\t\t<input type=\"hidden\" name=\"dec-eventfeed-category\" id=\"dec-eventfeed-category\" value=\"\">\r\n\t\t<input type=\"hidden\" name=\"dec-eventfeed-tag\" id=\"dec-eventfeed-tag\" value=\"\">\r\n\t\t<input type=\"hidden\" name=\"dec-eventfeed-order\" id=\"dec-eventfeed-order\" value=\"\">\r\n\t\t<input type=\"hidden\" name=\"dec-eventfeed-venue\" id=\"dec-eventfeed-venue\" value=\"\">\r\n\t\t<input type=\"hidden\" name=\"dec-eventfeed-organizer\" id=\"dec-eventfeed-organizer\" value=\"\">\r\n\t\t<input type=\"hidden\" name=\"dec-filter-search\" id=\"dec-filter-search\" value=\"\">\r\n\t\t<input type=\"hidden\" name=\"dec-eventfeed-time\" id=\"dec-eventfeed-time\" value=\"\">\r\n\t\t<input type=\"hidden\" name=\"dec-eventfeed-day\" id=\"dec-eventfeed-day\" value=\"\">\r\n\t\t<input type=\"hidden\" name=\"dec-eventfeed-month\" id=\"dec-eventfeed-month\" value=\"\">\r\n\t\t<input type=\"hidden\" name=\"dec-eventfeed-year\" id=\"dec-eventfeed-year\" value=\"\">\r\n\t\t<input type=\"hidden\" name=\"dec-eventfeed-recurring\" id=\"dec-eventfeed-recurring\" value=\"\">\r\n\t\t<input type=\"hidden\" name=\"EventcostMin\" id=\"EventcostMin\" value=\"\">\r\n\t\t<input type=\"hidden\" name=\"EventcostMax\" id=\"EventcostMax\" value=\"\">\r\n\t\t<input type=\"hidden\" name=\"EventendDate\" id=\"EventendDate\" value=\"\">\r\n\t\t<input type=\"hidden\" name=\"EventstartDate\" id=\"EventstartDate\" value=\"\">\r\n\t\t<input type=\"hidden\" name=\"dec-eventfeed-country\" id=\"dec-eventfeed-country\" value=\"\">\r\n\t\t<input type=\"hidden\" name=\"dec-eventfeed-city\" id=\"dec-eventfeed-city\" value=\"\">\r\n\t\t<input type=\"hidden\" name=\"dec-eventfeed-state\" id=\"dec-eventfeed-state\" value=\"\">\r\n\t\t<input type=\"hidden\" name=\"dec-eventfeed-status\" id=\"dec-eventfeed-status\" value=\"\">\r\n\t\t<input type=\"hidden\" name=\"dec-eventfeed-address\" id=\"dec-eventfeed-address\" value=\"\">\r\n\t\t<input type=\"hidden\" name=\"dec-eventfeed-module-class\" id=\"dec-eventfeed-module-class\" value=\".decm_event_display_0\">\r\n\t\t<input type=\"hidden\" name=\"dec-eventfeed-page-translation\" id=\"dec-eventfeed-page-translation\" value=\"Bladzijde\">\r\n\t\t<input type=\"hidden\" name=\"dec-eventfeed-first-translation\" id=\"dec-eventfeed-first-translation\" value=\"Eerst\">\r\n\t\t<input type=\"hidden\" name=\"dec-eventfeed-last-translation\" id=\"dec-eventfeed-last-translation\" value=\"Laatst\">\r\n\t\t<input type=\"hidden\" name=\"eventfeed_max_page\" id=\"eventfeed_max_page\" value=\"2\"><input type=\"hidden\" name=\"eventfeed_load_img\" id=\"eventfeed_load_img\" value=\"http:\/\/www.alliancerotterdam.nl\/wp-content\/plugins\/divi-event-calendar-module\/includes\/modules\/EventDisplay\/ajax-loader.gif\">\r\n\t\t\t\t\t<\/div>\r\n\t\t\t\t<\/div>\r\n\t\t\t\t<script>\r\n\r\n\t\t\t\t\r\n\t\t\t\tjQuery(document).ready(function($) {\r\n\r\n\r\n\t\t\t\t\t$('.ecs-event-pagination').on(\"click\", \"a\", function () {\r\n\t\t\t\t\t\tevent.preventDefault();\r\n\t\t\t\t\t\t$('#eventfeed_current_pagination_page').val();\r\n\t\t\t\t\t\t$(\"input[name='eventfeed_current_pagination_page']\").val($(this).attr(\"pn\"));\r\n\t\t\t\t\t\tsetTimeout(() => {\r\n\t\t\t\t\t\t\tcheckImagesLoad();\r\n\t\t\t\t\t\t}, 2000); \r\n\t\t\t\t\t});\t    \t\r\n\t\r\n\t\t\t\t\t$('.decm_event_display_0').addClass(\"\");\r\n\t\t\t\t\r\n\t\t\t\r\n\r\n\t\t\tvar setHeightColumns = function(){ \r\n\t\t\t\tvar column_loop_row = 0;\r\n\t\t\t\tvar column_height = 0;\r\n\t\t\t\tvar overlay_height = 0;\r\n\t\t\t\tvar ids = [];\r\n\t\t\t\tvar total_Count = 0;\r\n\t\t\t\tvar total_Events = jQuery('.decm_event_display_0 .ecs-event-posts').length; \r\n\t\t\t\tjQuery('.decm_event_display_0 .ecs-event-posts').each(function(){\r\n\t\t\t\t++column_loop_row;\r\n\t\t\t\t++total_Count;\r\n\t\t\t\tvar Event_id = jQuery(this).children('article')[0].id;\r\n\t\t\t\tids.push(Event_id);\r\n\t\t\t\tcolumn_height = jQuery(this).find('#'+Event_id).children('.row').height() >= column_height ? jQuery(this).find('#'+Event_id).children('.row').height() : column_height;\r\n\t\t\t\toverlay_height =\r\n\t\t\t\tjQuery(this).find('.decm-cover-overlay-details').height() >= overlay_height ? jQuery(this).find('.decm-cover-image-overlay').height() : overlay_height;\r\n\t\t\t\tif(column_loop_row == 3 || total_Count == total_Events)\r\n\t\t\t\t{      \r\n\t\t\t\t\tids.map(function(id,index){\r\n\t\t\t\t\t\tvar tempHeight = parseInt(column_height) - parseInt(jQuery('.decm_event_display_0 #'+id+' .row > div:first-child').height());jQuery('.decm_event_display_0 #'+id+' .row > div > div:last-child').css('height',\"auto\");\r\n\t\t\t\t\t\t\r\n\t\t\t\t\t});  \r\n\t\t\t\t\tcolumn_loop_row = 0;\r\n\t\t\t\t\tcolumn_height = 0;\r\n\t\t\t\t\tids = [];\r\n\t\t\t\t}\r\n\t\t\t\t});\r\n\t\t\t\t\r\n\t\t\t}\r\n\t\tvar checkImagesLoad = function(){\r\n\t\t\r\n\t\t\r\n\t\tPromise.all(\r\n\t\t\tArray.from(jQuery(\".decm_event_display_0 .ecs-event-posts img\")).\r\n\t\t\t\tfilter(img => !img.complete).\r\n\t\t\t\tmap(img => new Promise(resolve => {\r\n\t\t\t\t\t\timg.onload = img.onerror = resolve; \r\n\t\t\t\t\t}))).then(() => {\r\n\t\t\t\t\t\tsetHeightColumns();\r\n\t\t\t\t\t});\r\n\t\t\t\t\t\r\n\t\t\t\t\/*var imgs  = jQuery(\".decm_event_display_0_tb_body .ecs-event-posts img\"),\r\n\t\t\t\tlen = imgs.length,\r\n\t\t\t\tcounter = 0;\r\n\t\t\t\t[].forEach.call( imgs, function( img ) {\r\n\t\t\t\t\tif(img.complete)\r\n\t\t\t\t\t  incrementCounter();\r\n\t\t\t\t\telse\r\n\t\t\t\t\t  img.addEventListener( \"load\", incrementCounter, false );\r\n\t\t\t\t} );\r\n\r\n\t\t\t\tfunction incrementCounter() {\r\n\t\t\t\t\tcounter++;\r\n\t\t\t\t\tif ( counter === len ) {\r\n\t\t\t\t\t\tdebugger;\r\n\t\t\t\t\t\tsetHeightColumns();\r\n\t\t\t\t\t}\r\n\t\t\t\t}*\/\r\n\t\t\t}\r\n\t\t\t\r\n\t\t\tsetTimeout(checkImagesLoad, 2000);\r\n\t\t\tjQuery(window).on('resize',function(){\r\n\t\t\t\tvar screenWidth = jQuery(this).width();\r\n\r\n\r\n\t\t\t\tif(screenWidth > 1199){\r\n\t\t\t\t\t\r\n\t\t\t\t\tif(document.readyState == 'complete')\r\n\t\t\t\t\t checkImagesLoad();\r\n\t\t\t\t}\r\n\t\t\t\telse{\r\n\t\t\t\t\tjQuery('.decm_event_display_0 .ecs-event-posts').each(function(){\r\n\t\t\t\t\t\tvar id = jQuery(this).children('article')[0].id;\r\n\t\t\t\t\t\t\r\n\t\tjQuery('.decm_event_display_0 #'+id+' .row > div:first-child').css('height','100%');\r\n\t\tjQuery('.decm_event_display_0 #'+id+' .row > div:last-child').css('height','100%');\r\n\t\tjQuery('.decm_event_display_0 p.ecs-showdetail').css({\"position\":\"unset\",\"width\":\"auto\" });\r\n\t\t\r\n\t\t\t\t\t\t});\r\n\t\t\t\t}\r\n\r\n\t\t\t});\t\r\n\r\n\t\t});\t\r\n\t\t\t<\/script>\r\n\t\t\t\t\r\n\t\t\t\n\t\t\t\t<\/div>\n\t\t\t<\/div><\/p>\n","protected":false},"author":1,"featured_media":0,"parent":0,"menu_order":0,"comment_status":"closed","ping_status":"closed","template":"","meta":{"_et_pb_use_builder":"on","_et_pb_old_content":"","_et_gb_content_width":"","footnotes":""},"class_list":["post-28210","page","type-page","status-publish","hentry"],"_links":{"self":[{"href":"http:\/\/www.alliancerotterdam.nl\/nl\/wp-json\/wp\/v2\/pages\/28210","targetHints":{"allow":["GET"]}}],"collection":[{"href":"http:\/\/www.alliancerotterdam.nl\/nl\/wp-json\/wp\/v2\/pages"}],"about":[{"href":"http:\/\/www.alliancerotterdam.nl\/nl\/wp-json\/wp\/v2\/types\/page"}],"author":[{"embeddable":true,"href":"http:\/\/www.alliancerotterdam.nl\/nl\/wp-json\/wp\/v2\/users\/1"}],"replies":[{"embeddable":true,"href":"http:\/\/www.alliancerotterdam.nl\/nl\/wp-json\/wp\/v2\/comments?post=28210"}],"version-history":[{"count":27,"href":"http:\/\/www.alliancerotterdam.nl\/nl\/wp-json\/wp\/v2\/pages\/28210\/revisions"}],"predecessor-version":[{"id":34619,"href":"http:\/\/www.alliancerotterdam.nl\/nl\/wp-json\/wp\/v2\/pages\/28210\/revisions\/34619"}],"wp:attachment":[{"href":"http:\/\/www.alliancerotterdam.nl\/nl\/wp-json\/wp\/v2\/media?parent=28210"}],"curies":[{"name":"wp","href":"https:\/\/api.w.org\/{rel}","templated":true}]}}