{"id":30526,"date":"2025-03-31T18:00:19","date_gmt":"2025-03-31T16:00:19","guid":{"rendered":"https:\/\/www.alliancerotterdam.nl\/?post_type=tribe_events&#038;p=30526"},"modified":"2025-04-15T20:15:25","modified_gmt":"2025-04-15T18:15:25","slug":"atelier-photographie-de-rue","status":"publish","type":"tribe_events","link":"http:\/\/www.alliancerotterdam.nl\/en\/event\/atelier-photographie-de-rue\/","title":{"rendered":"Atelier photographie de rue &#8211; COMPLET"},"content":{"rendered":"<p>L\u2019Alliance Fran\u00e7aise Rotterdam vous pr\u00e9sente son premier atelier de photographie !<\/p>\n<p>Rotterdam est un v\u00e9ritable terrain de jeu pour les photographes. Les rues de la ville mixent architecture audacieuse et vestiges d\u2019un pass\u00e9 r\u00e9volu ; l\u2019atmosph\u00e8re moderne, cr\u00e9ative et dynamique est \u00e0 l\u2019image de ses habitants.<\/p>\n<p>Nous vous proposons un atelier pour s\u2019entra\u00eener simplement \u00e0 la photographie num\u00e9rique en compagnie. Gr\u00e2ce \u00e0 un parcours pens\u00e9 sp\u00e9cialement pour cet atelier, d\u00e9couvrez d&#8217;un nouvel \u0153il les lieux embl\u00e9matiques de Rotterdam en portant un regard sur le cadrage et les compositions photographiques. Vous aurez \u00e0 disposition des appareils num\u00e9riques \u00e0 partager, mais n\u2019h\u00e9sitiez surtout pas \u00e0 ramener les v\u00f4tres !<\/p>\n<p>L&#8217;atelier est anim\u00e9 par une photographe professionnelle, il ouvert \u00e0 tout le monde et il n\u2019y a pas de comp\u00e9tences particuli\u00e8res \u00e0 avoir. Toutes les photos vous seront envoy\u00e9es par la suite.<\/p>\n<p>&nbsp;<\/p>\n<p><strong>Itin\u00e9raire du tour :<\/strong><\/p>\n<p>&#8211; D\u00e9part de l\u2019Alliance Fran\u00e7aise Rotterdam (Westersingel 14)<\/p>\n<p>&#8211; 1er arr\u00eat : Centraal Station<\/p>\n<p>&#8211; 2\u00e8me arr\u00eat : Rond-point Hofplein<\/p>\n<p>&#8211; 3\u00e8me arr\u00eat : Stadhuis &amp; son jardin<\/p>\n<p>&#8211; 4\u00e8me arr\u00eat : Laurenskerk &amp; Grotekerkplein<\/p>\n<p>&#8211; 5\u00e8me arr\u00eat : Maisons cubiques &amp; Markhal<\/p>\n<p>Le tour est pr\u00e9vu pour durer <strong>2heures<\/strong> et sera adapt\u00e9 en fonction des envies des participants. Animation en fran\u00e7ais mais possible de traduire en anglais si besoin.<\/p>\n<p>En cas de<strong> mauvais temps<\/strong> (pluie intense), l\u2019atelier sera annul\u00e9 et vous sera rembours\u00e9.<\/p>\n<p><strong>Tarifs<\/strong> : COMP<\/p>\n<p>&nbsp;<\/p>\n<p><strong>\ud83d\udcf8 Atelier anim\u00e9 par C\u00e9lestine Deshayes :\u00a0<\/strong><\/p>\n<p>Je m\u2019appelle C\u00e9lestine, je suis fran\u00e7aise et la photographie est mon moyen d\u2019expression. Passionn\u00e9e depuis plusieurs ann\u00e9es, j\u2019ai affin\u00e9 mon regard \u00e0\u00a0 travers mes \u00e9tudes en Histoire de l\u2019Art et d\u2019autres pratiques artistiques comme la danse, le th\u00e9\u00e2tre et la musique.<br \/>\nJe pratique principalement la photographie argentique, attir\u00e9e par son grain unique et le processus de d\u00e9veloppement. J\u2019aime exp\u00e9rimenter avec la lumi\u00e8re, les textures et les contrastes pour capturer des images authentiques. J\u2019utilise aussi la photographie num\u00e9rique pour explorer d\u2019autres approches et techniques.<br \/>\nMon travail se concentre sur le portrait, la photographie de rue et la nature morte. J\u2019aime capturer des instants spontan\u00e9s, jouer avec les ombres et r\u00e9v\u00e9ler des atmosph\u00e8res singuli\u00e8res. Je pr\u00e9f\u00e8re une approche naturelle avec peu de retouches, cherchant avant tout \u00e0 traduire une \u00e9motion ou une histoire \u00e0 travers l\u2019image. Toujours curieuse d\u2019apprendre, je cherche \u00e0 affiner ma pratique et \u00e0 explorer de nouveaux horizons pour faire de la photographie mon m\u00e9tier.<\/p>\n<p>Retrouvez mes photos sur mon <a href=\"https:\/\/www.instagram.com\/photos_celestine\/\">compte Instagram<\/a> et sur mon <a href=\"https:\/\/amazing-cogwheel-560717.framer.app\/\">site internet<\/a> \ud83d\ude09<\/p>\n","protected":false},"excerpt":{"rendered":"<p>L\u2019Alliance Fran\u00e7aise Rotterdam vous pr\u00e9sente son premier atelier de photographie ! Rotterdam est un v\u00e9ritable terrain de jeu pour les photographes. Les rues de la ville mixent architecture audacieuse et [&hellip;]<\/p>\n","protected":false},"author":2,"featured_media":0,"template":"","meta":{"_et_pb_use_builder":"","_et_pb_old_content":"","_et_gb_content_width":"","_tribe_events_status":"","_tribe_events_status_reason":"","footnotes":""},"tags":[],"tribe_events_cat":[],"class_list":["post-30526","tribe_events","type-tribe_events","status-publish","hentry"],"_links":{"self":[{"href":"http:\/\/www.alliancerotterdam.nl\/en\/wp-json\/wp\/v2\/tribe_events\/30526","targetHints":{"allow":["GET"]}}],"collection":[{"href":"http:\/\/www.alliancerotterdam.nl\/en\/wp-json\/wp\/v2\/tribe_events"}],"about":[{"href":"http:\/\/www.alliancerotterdam.nl\/en\/wp-json\/wp\/v2\/types\/tribe_events"}],"author":[{"embeddable":true,"href":"http:\/\/www.alliancerotterdam.nl\/en\/wp-json\/wp\/v2\/users\/2"}],"version-history":[{"count":7,"href":"http:\/\/www.alliancerotterdam.nl\/en\/wp-json\/wp\/v2\/tribe_events\/30526\/revisions"}],"predecessor-version":[{"id":30993,"href":"http:\/\/www.alliancerotterdam.nl\/en\/wp-json\/wp\/v2\/tribe_events\/30526\/revisions\/30993"}],"wp:attachment":[{"href":"http:\/\/www.alliancerotterdam.nl\/en\/wp-json\/wp\/v2\/media?parent=30526"}],"wp:term":[{"taxonomy":"post_tag","embeddable":true,"href":"http:\/\/www.alliancerotterdam.nl\/en\/wp-json\/wp\/v2\/tags?post=30526"},{"taxonomy":"tribe_events_cat","embeddable":true,"href":"http:\/\/www.alliancerotterdam.nl\/en\/wp-json\/wp\/v2\/tribe_events_cat?post=30526"}],"curies":[{"name":"wp","href":"https:\/\/api.w.org\/{rel}","templated":true}]}}