{"id":18629,"date":"2024-06-11T15:34:01","date_gmt":"2024-06-11T13:34:01","guid":{"rendered":"https:\/\/www.alliancerotterdam.nl\/?post_type=tribe_events&amp;p=18629"},"modified":"2024-06-11T15:34:01","modified_gmt":"2024-06-11T13:34:01","slug":"la-fete-de-la-musique-aux-pays-bas-%f0%9f%8e%b6","status":"publish","type":"tribe_events","link":"http:\/\/www.alliancerotterdam.nl\/en\/event\/la-fete-de-la-musique-aux-pays-bas-%f0%9f%8e%b6\/","title":{"rendered":"La F\u00eate de la musique aux Pays-Bas &#x1f3b6;"},"content":{"rendered":"<h3 style=\"text-align: center\">&#x1f3b6;&#x2600;&#xfe0f;C\u00e9l\u00e9brons tous ensemble le d\u00e9but de l&#8217;\u00e9t\u00e9 et la F\u00eate de la musique &#x2600;&#xfe0f;&#x1f3b6;<\/h3>\n<p>&nbsp;<\/p>\n<p><img loading=\"lazy\" decoding=\"async\" class=\"wp-image-18634 alignright\" src=\"https:\/\/www.alliancerotterdam.nl\/wp-content\/uploads\/sites\/4\/2024\/06\/Amsterdam-fete-de-la-murique-270x272.png\" alt=\"\" width=\"216\" height=\"218\" \/><\/p>\n<p><strong>Dimanche 16 juin<\/strong> : l&#8217;Alliance Fran\u00e7aise d&#8217;Amsterdam organisera sa toute premi\u00e8re \u00e9dition de la F\u00eate de la Musique !<\/p>\n<p>Cet \u00e9v\u00e9nement se d\u00e9roulera \u00e0 l&#8217;Openluchttheater, nich\u00e9 au c\u0153ur du Vondelpark. \u00c0 cette occasion, la musique fran\u00e7aise sera \u00e0 l&#8217;honneur avec trois artistes ayant un attachement particulier pour la France qui se produiront sur sc\u00e8ne. Au programme : des reprises de classiques de la musique fran\u00e7aise, de nouvelles cr\u00e9ations inspirantes ainsi que de la musique \u00e9lectronique.<\/p>\n<p>Entr\u00e9e libre et gratuite. Inscription souhait\u00e9e sur le site de <a href=\"https:\/\/www.afamsterdam.nl\/community\/event-rsvp\/?event_id=436\" target=\"_blank\" rel=\"noopener\">l&#8217;Alliance Fran\u00e7aise d&#8217;Amsterdam<\/a><\/p>\n<p>&nbsp;<\/p>\n<div><img loading=\"lazy\" decoding=\"async\" class=\" wp-image-18633 alignright\" src=\"https:\/\/www.alliancerotterdam.nl\/wp-content\/uploads\/sites\/4\/2024\/06\/La-haye-fete-de-la-musique-270x270.png\" alt=\"\" width=\"216\" height=\"216\" \/><\/div>\n<p>&nbsp;<\/p>\n<p style=\"text-align: left\"><strong>Vendredi\u00a0 21 juin<\/strong> : C\u00e9l\u00e9brez la magie de la musique avec l&#8217;Alliance Fran\u00e7aise de La Haye !<\/p>\n<p>Profitez d&#8217;une soir\u00e9e de concerts en direct, de convivialit\u00e9 et de l&#8217;ambiance unique fran\u00e7aise.<\/p>\n<p>Laissez-vous emporter par les talents des\u00a0musiciens et vivez une soir\u00e9e estivale inoubliable. Une f\u00eate pleine de rythme et d&#8217;harmonie ! &#x1f3a4;&#x1f3b8;&#x1f3b7;<\/p>\n<p>Entr\u00e9e libre et gratuite. Inscription souhait\u00e9e sur le site de <a href=\"https:\/\/www.aflahaye.nl\/evenement\/?eventId=591#\/\">l&#8217;Alliance Fran\u00e7aise La Haye<\/a><\/p>\n<p>&nbsp;<\/p>\n<div><\/div>\n<div><\/div>\n<p><img loading=\"lazy\" decoding=\"async\" class=\" wp-image-18632 alignright\" src=\"https:\/\/www.alliancerotterdam.nl\/wp-content\/uploads\/sites\/4\/2024\/06\/Utrecht-fete-de-la-musique-270x272.png\" alt=\"\" width=\"216\" height=\"218\" \/><strong>Samedi 22 juin<\/strong> : L\u2019Alliance Fran\u00e7aise des Pays-Bas et l\u2019Entente des Associations Francophones vous invitent chaleureusement \u00e0 venir \u00e9couter des chanteur.euses et musicien.nes tr\u00e8s talentueux \u00e0 Utrecht !<\/p>\n<p>Les artistes fran\u00e7ais et n\u00e9erlandais interpr\u00e8teront en direct des chansons contemporaines fran\u00e7aises.<\/p>\n<p>R\u00e9servez vos billets ici : <a href=\"https:\/\/www.eventbrite.nl\/e\/fete-de-la-musique-tickets-877199355887\" target=\"_blank\" rel=\"noopener\">https:\/\/www.eventbrite.nl\/e\/fete-de-la-musique-tickets-877199355887<\/a><\/p>\n","protected":false},"excerpt":{"rendered":"<p>&#x1f3b6;&#x2600;&#xfe0f;C\u00e9l\u00e9brons tous ensemble le d\u00e9but de l&#8217;\u00e9t\u00e9 et la F\u00eate de la musique &#x2600;&#xfe0f;&#x1f3b6; &nbsp; Dimanche 16 juin : l&#8217;Alliance Fran\u00e7aise d&#8217;Amsterdam organisera sa toute premi\u00e8re \u00e9dition de la F\u00eate [&hellip;]<\/p>\n","protected":false},"author":1,"featured_media":0,"template":"","meta":{"_et_pb_use_builder":"","_et_pb_old_content":"","_et_gb_content_width":"","_tribe_events_status":"","_tribe_events_status_reason":"","footnotes":""},"tags":[],"tribe_events_cat":[242],"class_list":["post-18629","tribe_events","type-tribe_events","status-publish","hentry","tribe_events_cat-cultuur","cat_cultuur"],"_links":{"self":[{"href":"http:\/\/www.alliancerotterdam.nl\/en\/wp-json\/wp\/v2\/tribe_events\/18629","targetHints":{"allow":["GET"]}}],"collection":[{"href":"http:\/\/www.alliancerotterdam.nl\/en\/wp-json\/wp\/v2\/tribe_events"}],"about":[{"href":"http:\/\/www.alliancerotterdam.nl\/en\/wp-json\/wp\/v2\/types\/tribe_events"}],"author":[{"embeddable":true,"href":"http:\/\/www.alliancerotterdam.nl\/en\/wp-json\/wp\/v2\/users\/1"}],"version-history":[{"count":0,"href":"http:\/\/www.alliancerotterdam.nl\/en\/wp-json\/wp\/v2\/tribe_events\/18629\/revisions"}],"wp:attachment":[{"href":"http:\/\/www.alliancerotterdam.nl\/en\/wp-json\/wp\/v2\/media?parent=18629"}],"wp:term":[{"taxonomy":"post_tag","embeddable":true,"href":"http:\/\/www.alliancerotterdam.nl\/en\/wp-json\/wp\/v2\/tags?post=18629"},{"taxonomy":"tribe_events_cat","embeddable":true,"href":"http:\/\/www.alliancerotterdam.nl\/en\/wp-json\/wp\/v2\/tribe_events_cat?post=18629"}],"curies":[{"name":"wp","href":"https:\/\/api.w.org\/{rel}","templated":true}]}}